{"id":568,"date":"2025-05-06T09:16:17","date_gmt":"2025-05-06T09:16:17","guid":{"rendered":"https:\/\/www.ilgiardinodegliolivi.it\/?page_id=568"},"modified":"2025-06-11T17:39:46","modified_gmt":"2025-06-11T17:39:46","slug":"home","status":"publish","type":"page","link":"https:\/\/www.ilgiardinodegliolivi.it\/es","title":{"rendered":"HOME"},"content":{"rendered":"<div data-elementor-type=\"wp-page\" data-elementor-id=\"568\" class=\"elementor elementor-568\" data-elementor-post-type=\"page\">\n\t\t\t\t<div class=\"elementor-element elementor-element-9db1ea4 e-flex e-con-boxed e-con e-parent\" data-id=\"9db1ea4\" data-element_type=\"container\" data-settings=\"{&quot;background_background&quot;:&quot;slideshow&quot;,&quot;background_slideshow_gallery&quot;:[{&quot;id&quot;:742,&quot;url&quot;:&quot;https:\\\/\\\/www.ilgiardinodegliolivi.it\\\/wp-content\\\/uploads\\\/2025\\\/05\\\/nino-en-un-campo-de-verano-nina-con-un-lindo-vestido-marron-1.jpg&quot;},{&quot;id&quot;:56,&quot;url&quot;:&quot;https:\\\/\\\/www.ilgiardinodegliolivi.it\\\/wp-content\\\/uploads\\\/2025\\\/02\\\/GIARDINOOLIVI-2276.jpg&quot;},{&quot;id&quot;:777,&quot;url&quot;:&quot;https:\\\/\\\/www.ilgiardinodegliolivi.it\\\/wp-content\\\/uploads\\\/2025\\\/05\\\/dadodado_09980_seasonal_festival_in_nature_community_gathering__b4b8510d-1277-4134-a0b2-c7c3af60ed5a.png&quot;},{&quot;id&quot;:55,&quot;url&quot;:&quot;https:\\\/\\\/www.ilgiardinodegliolivi.it\\\/wp-content\\\/uploads\\\/2025\\\/02\\\/GIARDINOOLIVI-2273.jpg&quot;},{&quot;id&quot;:774,&quot;url&quot;:&quot;https:\\\/\\\/www.ilgiardinodegliolivi.it\\\/wp-content\\\/uploads\\\/2025\\\/05\\\/dadodado_09980_seasonal_festival_in_nature_community_gathering__28ddda2b-ccdd-4fea-b11b-a90bdc35f24a.png&quot;},{&quot;id&quot;:54,&quot;url&quot;:&quot;https:\\\/\\\/www.ilgiardinodegliolivi.it\\\/wp-content\\\/uploads\\\/2025\\\/02\\\/GIARDINOOLIVI-2270-1.jpg&quot;},{&quot;id&quot;:775,&quot;url&quot;:&quot;https:\\\/\\\/www.ilgiardinodegliolivi.it\\\/wp-content\\\/uploads\\\/2025\\\/05\\\/dadodado_09980_seasonal_festival_in_nature_community_gathering__589ad2ac-c58c-4638-a702-79a3a453dd2e.png&quot;},{&quot;id&quot;:776,&quot;url&quot;:&quot;https:\\\/\\\/www.ilgiardinodegliolivi.it\\\/wp-content\\\/uploads\\\/2025\\\/05\\\/dadodado_09980_seasonal_festival_in_nature_community_gathering__30789120-a210-4777-932d-6c5ed2c2c684.png&quot;},{&quot;id&quot;:58,&quot;url&quot;:&quot;https:\\\/\\\/www.ilgiardinodegliolivi.it\\\/wp-content\\\/uploads\\\/2025\\\/02\\\/GIARDINOOLIVI-2286.jpg&quot;},{&quot;id&quot;:773,&quot;url&quot;:&quot;https:\\\/\\\/www.ilgiardinodegliolivi.it\\\/wp-content\\\/uploads\\\/2025\\\/05\\\/dadodado_09980_seasonal_festival_in_nature_community_gathering__4b3c7627-c6e5-44b3-8726-6889f58fdf67.png&quot;},{&quot;id&quot;:772,&quot;url&quot;:&quot;https:\\\/\\\/www.ilgiardinodegliolivi.it\\\/wp-content\\\/uploads\\\/2025\\\/05\\\/dadodado_09980_live_music_performance_in_nature_musicians_playi_4cd07856-3ee8-4618-89b6-0180bc8c62e3.png&quot;},{&quot;id&quot;:771,&quot;url&quot;:&quot;https:\\\/\\\/www.ilgiardinodegliolivi.it\\\/wp-content\\\/uploads\\\/2025\\\/05\\\/dadodado_09980_artists_creating_together_in_nature_outdoor_art__204fb0f6-539b-4a07-9f8c-9844f579f53d.png&quot;},{&quot;id&quot;:750,&quot;url&quot;:&quot;https:\\\/\\\/www.ilgiardinodegliolivi.it\\\/wp-content\\\/uploads\\\/2025\\\/05\\\/vista-de-un-nino-vestido-con-una-blusa-roja-y-soplando-el-diente-de-leon-en-un-campo-en-un-dia-soleado.jpg&quot;},{&quot;id&quot;:60,&quot;url&quot;:&quot;https:\\\/\\\/www.ilgiardinodegliolivi.it\\\/wp-content\\\/uploads\\\/2025\\\/02\\\/GIARDINOOLIVI-2294.jpg&quot;},{&quot;id&quot;:732,&quot;url&quot;:&quot;https:\\\/\\\/www.ilgiardinodegliolivi.it\\\/wp-content\\\/uploads\\\/2025\\\/05\\\/hojas-de-primer-plano-extremo-de-acelgas-frescas.jpg&quot;},{&quot;id&quot;:741,&quot;url&quot;:&quot;https:\\\/\\\/www.ilgiardinodegliolivi.it\\\/wp-content\\\/uploads\\\/2025\\\/05\\\/nino-cuidando-y-protegiendo-la-madre-tierra-para-el-dia-de-la-tierra.jpg&quot;},{&quot;id&quot;:733,&quot;url&quot;:&quot;https:\\\/\\\/www.ilgiardinodegliolivi.it\\\/wp-content\\\/uploads\\\/2025\\\/05\\\/jardinero-plantando-en-la-tierra.jpg&quot;},{&quot;id&quot;:736,&quot;url&quot;:&quot;https:\\\/\\\/www.ilgiardinodegliolivi.it\\\/wp-content\\\/uploads\\\/2025\\\/05\\\/mano-humana-plantando-planta-joven-fresca-en-suelo.jpg&quot;},{&quot;id&quot;:748,&quot;url&quot;:&quot;https:\\\/\\\/www.ilgiardinodegliolivi.it\\\/wp-content\\\/uploads\\\/2025\\\/05\\\/tallo-peludo-con-una-yema-lateral-en-la-hoja.jpg&quot;},{&quot;id&quot;:740,&quot;url&quot;:&quot;https:\\\/\\\/www.ilgiardinodegliolivi.it\\\/wp-content\\\/uploads\\\/2025\\\/05\\\/nino-aprendiendo-hacer-jardin.jpg&quot;},{&quot;id&quot;:730,&quot;url&quot;:&quot;https:\\\/\\\/www.ilgiardinodegliolivi.it\\\/wp-content\\\/uploads\\\/2025\\\/05\\\/chico-lindo-sentarse-sobre-la-hierba-en-el-parque-1.jpg&quot;},{&quot;id&quot;:680,&quot;url&quot;:&quot;https:\\\/\\\/www.ilgiardinodegliolivi.it\\\/wp-content\\\/uploads\\\/2025\\\/05\\\/nino-en-un-campo-de-verano-nina-con-un-lindo-vestido-marron-scaled.jpg&quot;}],&quot;background_slideshow_slide_duration&quot;:6000,&quot;background_slideshow_transition_duration&quot;:3500,&quot;background_slideshow_lazyload&quot;:&quot;yes&quot;,&quot;background_slideshow_ken_burns&quot;:&quot;yes&quot;,&quot;background_slideshow_loop&quot;:&quot;yes&quot;,&quot;background_slideshow_slide_transition&quot;:&quot;fade&quot;,&quot;background_slideshow_ken_burns_zoom_direction&quot;:&quot;in&quot;}\">\n\t\t\t\t\t<div class=\"e-con-inner\">\n\t\t\t\t<div class=\"elementor-element elementor-element-b58c493 elementor-view-default elementor-widget elementor-widget-icon\" data-id=\"b58c493\" data-element_type=\"widget\" data-widget_type=\"icon.default\">\n\t\t\t\t<div class=\"elementor-widget-container\">\n\t\t\t\t\t\t\t<div class=\"elementor-icon-wrapper\">\n\t\t\t<div class=\"elementor-icon\">\n\t\t\t<svg aria-hidden=\"true\" class=\"e-font-icon-svg e-far-heart\" viewbox=\"0 0 512 512\" xmlns=\"http:\/\/www.w3.org\/2000\/svg\"><path d=\"M458.4 64.3C400.6 15.7 311.3 23 256 79.3 200.7 23 111.4 15.6 53.6 64.3-21.6 127.6-10.6 230.8 43 285.5l175.4 178.7c10 10.2 23.4 15.9 37.6 15.9 14.3 0 27.6-5.6 37.6-15.8L469 285.6c53.5-54.7 64.7-157.9-10.6-221.3zm-23.6 187.5L259.4 430.5c-2.4 2.4-4.4 2.4-6.8 0L77.2 251.8c-36.5-37.2-43.9-107.6 7.3-150.7 38.9-32.7 98.9-27.8 136.5 10.5l35 35.7 35-35.7c37.8-38.5 97.8-43.2 136.5-10.6 51.1 43.1 43.5 113.9 7.3 150.8z\"><\/path><\/svg>\t\t\t<\/div>\n\t\t<\/div>\n\t\t\t\t\t\t<\/div>\n\t\t\t\t<\/div>\n\t\t\t\t<div class=\"elementor-element elementor-element-6b5ad9b elementor-widget elementor-widget-heading\" data-id=\"6b5ad9b\" data-element_type=\"widget\" data-widget_type=\"heading.default\">\n\t\t\t\t<div class=\"elementor-widget-container\">\n\t\t\t\t\t<h2 class=\"elementor-heading-title elementor-size-default translation-block\">En un mundo que corre y confunde,<br> Elegimos DESACELERAR<br> PARA Volver a la esencia.<\/h2>\t\t\t\t<\/div>\n\t\t\t\t<\/div>\n\t\t\t\t\t<\/div>\n\t\t\t\t<\/div>\n\t\t<div class=\"elementor-element elementor-element-0287ebc e-con-full e-flex e-con e-parent\" data-id=\"0287ebc\" data-element_type=\"container\">\n\t\t<div class=\"elementor-element elementor-element-43f3c51 e-con-full e-flex e-con e-child\" data-id=\"43f3c51\" data-element_type=\"container\" data-settings=\"{&quot;background_background&quot;:&quot;classic&quot;}\">\n\t\t<div class=\"elementor-element elementor-element-58c78db e-con-full e-flex e-con e-child\" data-id=\"58c78db\" data-element_type=\"container\" data-settings=\"{&quot;background_background&quot;:&quot;classic&quot;,&quot;animation&quot;:&quot;none&quot;}\">\n\t\t<div class=\"elementor-element elementor-element-72b1ced e-con-full e-flex e-con e-child\" data-id=\"72b1ced\" data-element_type=\"container\" data-settings=\"{&quot;background_background&quot;:&quot;classic&quot;,&quot;animation&quot;:&quot;none&quot;}\">\n\t\t\t\t<div class=\"elementor-element elementor-element-bc6af64 elementor-widget__width-initial elementor-widget elementor-widget-text-editor\" data-id=\"bc6af64\" data-element_type=\"widget\" data-widget_type=\"text-editor.default\">\n\t\t\t\t<div class=\"elementor-widget-container\">\n\t\t\t\t\t\t\t\t\t<p class=\"p1 translation-block\"><strong>El Jard\u00edn de los Olivos <\/strong> no es solo un nombre.\n<br>Es una visi\u00f3n, un lugar del alma, donde la espiritualidad y la concreci\u00f3n se encuentran, donde la medicina de los pueblos antiguos se une con la solidaridad del presente.<\/p><p class=\"translation-block\">Hemos elegido ser un <b>Trust Humanitario y Espiritual<\/b>,<br>porque lo que custodiamos es sagrado: son vidas, sue\u00f1os, semillas de futuro.<br>\nNacimos para custodir y proteger,\n<br>para construir puentes entre mundos,\n<br>para nutrir a personas y visiones.<\/p>\t\t\t\t\t\t\t\t<\/div>\n\t\t\t\t<\/div>\n\t\t\t\t<\/div>\n\t\t<div class=\"elementor-element elementor-element-618eb7e e-con-full e-flex e-con e-child\" data-id=\"618eb7e\" data-element_type=\"container\" data-settings=\"{&quot;background_background&quot;:&quot;classic&quot;,&quot;animation&quot;:&quot;none&quot;}\">\n\t\t\t\t<div class=\"elementor-element elementor-element-cdccae2 elementor-widget__width-initial elementor-widget elementor-widget-heading\" data-id=\"cdccae2\" data-element_type=\"widget\" data-widget_type=\"heading.default\">\n\t\t\t\t<div class=\"elementor-widget-container\">\n\t\t\t\t\t<h2 class=\"elementor-heading-title elementor-size-default\">Un coraz\u00f3n \n<br>que late\n<br>para el ser humano\n<br>y por la Tierra<\/h2>\t\t\t\t<\/div>\n\t\t\t\t<\/div>\n\t\t\t\t<\/div>\n\t\t\t\t<\/div>\n\t\t\t\t<\/div>\n\t\t\t\t<\/div>\n\t\t<div class=\"elementor-element elementor-element-fd6a9ea e-grid e-con-full e-con e-parent\" data-id=\"fd6a9ea\" data-element_type=\"container\" data-settings=\"{&quot;background_background&quot;:&quot;classic&quot;}\">\n\t\t<div class=\"elementor-element elementor-element-425e2eb e-flex e-con-boxed e-con e-child\" data-id=\"425e2eb\" data-element_type=\"container\" data-settings=\"{&quot;background_background&quot;:&quot;classic&quot;,&quot;animation&quot;:&quot;none&quot;}\">\n\t\t\t\t\t<div class=\"e-con-inner\">\n\t\t\t\t<div class=\"elementor-element elementor-element-a2044a3 elementor-view-default elementor-widget elementor-widget-icon\" data-id=\"a2044a3\" data-element_type=\"widget\" data-widget_type=\"icon.default\">\n\t\t\t\t<div class=\"elementor-widget-container\">\n\t\t\t\t\t\t\t<div class=\"elementor-icon-wrapper\">\n\t\t\t<div class=\"elementor-icon\">\n\t\t\t<svg aria-hidden=\"true\" class=\"e-font-icon-svg e-far-sun\" viewbox=\"0 0 512 512\" xmlns=\"http:\/\/www.w3.org\/2000\/svg\"><path d=\"M494.2 221.9l-59.8-40.5 13.7-71c2.6-13.2-1.6-26.8-11.1-36.4-9.6-9.5-23.2-13.7-36.2-11.1l-70.9 13.7-40.4-59.9c-15.1-22.3-51.9-22.3-67 0l-40.4 59.9-70.8-13.7C98 60.4 84.5 64.5 75 74.1c-9.5 9.6-13.7 23.1-11.1 36.3l13.7 71-59.8 40.5C6.6 229.5 0 242 0 255.5s6.7 26 17.8 33.5l59.8 40.5-13.7 71c-2.6 13.2 1.6 26.8 11.1 36.3 9.5 9.5 22.9 13.7 36.3 11.1l70.8-13.7 40.4 59.9C230 505.3 242.6 512 256 512s26-6.7 33.5-17.8l40.4-59.9 70.9 13.7c13.4 2.7 26.8-1.6 36.3-11.1 9.5-9.5 13.6-23.1 11.1-36.3l-13.7-71 59.8-40.5c11.1-7.5 17.8-20.1 17.8-33.5-.1-13.6-6.7-26.1-17.9-33.7zm-112.9 85.6l17.6 91.2-91-17.6L256 458l-51.9-77-90.9 17.6 17.6-91.2-76.8-52 76.8-52-17.6-91.2 91 17.6L256 53l51.9 76.9 91-17.6-17.6 91.1 76.8 52-76.8 52.1zM256 152c-57.3 0-104 46.7-104 104s46.7 104 104 104 104-46.7 104-104-46.7-104-104-104zm0 160c-30.9 0-56-25.1-56-56s25.1-56 56-56 56 25.1 56 56-25.1 56-56 56z\"><\/path><\/svg>\t\t\t<\/div>\n\t\t<\/div>\n\t\t\t\t\t\t<\/div>\n\t\t\t\t<\/div>\n\t\t\t\t<div class=\"elementor-element elementor-element-0c9817d elementor-widget__width-initial elementor-widget elementor-widget-text-editor\" data-id=\"0c9817d\" data-element_type=\"widget\" data-widget_type=\"text-editor.default\">\n\t\t\t\t<div class=\"elementor-widget-container\">\n\t\t\t\t\t\t\t\t\t<p><b>Estamos aqu\u00ed para contar y encarnar esa historia.<br \/>A trav\u00e9s de gestos concretos, espacios sagrados, comunidades reales, decisiones valientes.<br \/>Estamos aqu\u00ed para crear refugios, encender fuegos y encontrar direcci\u00f3n.<\/b><\/p><p class=\"translation-block\">Lo hacemos con humildad, con <b>cuidado<\/b> y con la intenci\u00f3n de caminar cada d\u00eda de forma m\u00e1s aut\u00e9ntica.\nNo tenemos todas las respuestas. Pero tenemos una escucha profunda. Y un <b>coraz\u00f3n<\/b> abierto.<\/p><p>Si t\u00fa tambi\u00e9n sientes la necesidad de volver a algo m\u00e1s <b>Verdadero<\/b>, mas <b>vivo<\/b>, <br \/>Est\u00e1s en el lugar correcto.<\/p>\t\t\t\t\t\t\t\t<\/div>\n\t\t\t\t<\/div>\n\t\t\t\t<div class=\"elementor-element elementor-element-277a851 elementor-view-default elementor-widget elementor-widget-icon\" data-id=\"277a851\" data-element_type=\"widget\" data-widget_type=\"icon.default\">\n\t\t\t\t<div class=\"elementor-widget-container\">\n\t\t\t\t\t\t\t<div class=\"elementor-icon-wrapper\">\n\t\t\t<div class=\"elementor-icon\">\n\t\t\t<svg aria-hidden=\"true\" class=\"e-font-icon-svg e-far-sun\" viewbox=\"0 0 512 512\" xmlns=\"http:\/\/www.w3.org\/2000\/svg\"><path d=\"M494.2 221.9l-59.8-40.5 13.7-71c2.6-13.2-1.6-26.8-11.1-36.4-9.6-9.5-23.2-13.7-36.2-11.1l-70.9 13.7-40.4-59.9c-15.1-22.3-51.9-22.3-67 0l-40.4 59.9-70.8-13.7C98 60.4 84.5 64.5 75 74.1c-9.5 9.6-13.7 23.1-11.1 36.3l13.7 71-59.8 40.5C6.6 229.5 0 242 0 255.5s6.7 26 17.8 33.5l59.8 40.5-13.7 71c-2.6 13.2 1.6 26.8 11.1 36.3 9.5 9.5 22.9 13.7 36.3 11.1l70.8-13.7 40.4 59.9C230 505.3 242.6 512 256 512s26-6.7 33.5-17.8l40.4-59.9 70.9 13.7c13.4 2.7 26.8-1.6 36.3-11.1 9.5-9.5 13.6-23.1 11.1-36.3l-13.7-71 59.8-40.5c11.1-7.5 17.8-20.1 17.8-33.5-.1-13.6-6.7-26.1-17.9-33.7zm-112.9 85.6l17.6 91.2-91-17.6L256 458l-51.9-77-90.9 17.6 17.6-91.2-76.8-52 76.8-52-17.6-91.2 91 17.6L256 53l51.9 76.9 91-17.6-17.6 91.1 76.8 52-76.8 52.1zM256 152c-57.3 0-104 46.7-104 104s46.7 104 104 104 104-46.7 104-104-46.7-104-104-104zm0 160c-30.9 0-56-25.1-56-56s25.1-56 56-56 56 25.1 56 56-25.1 56-56 56z\"><\/path><\/svg>\t\t\t<\/div>\n\t\t<\/div>\n\t\t\t\t\t\t<\/div>\n\t\t\t\t<\/div>\n\t\t\t\t\t<\/div>\n\t\t\t\t<\/div>\n\t\t<div class=\"elementor-element elementor-element-cbaf57c e-flex e-con-boxed e-con e-child\" data-id=\"cbaf57c\" data-element_type=\"container\" data-settings=\"{&quot;background_background&quot;:&quot;classic&quot;,&quot;animation&quot;:&quot;none&quot;}\">\n\t\t\t\t\t<div class=\"e-con-inner\">\n\t\t\t\t\t<\/div>\n\t\t\t\t<\/div>\n\t\t\t\t<\/div>\n\t\t<div class=\"elementor-element elementor-element-a68497e e-con-full e-flex e-con e-parent\" data-id=\"a68497e\" data-element_type=\"container\" data-settings=\"{&quot;background_background&quot;:&quot;classic&quot;}\">\n\t\t\t\t<div class=\"elementor-element elementor-element-630916d elementor-widget__width-initial elementor-widget elementor-widget-heading\" data-id=\"630916d\" data-element_type=\"widget\" data-widget_type=\"heading.default\">\n\t\t\t\t<div class=\"elementor-widget-container\">\n\t\t\t\t\t<h2 class=\"elementor-heading-title elementor-size-default\">nuestros proyectos<\/h2>\t\t\t\t<\/div>\n\t\t\t\t<\/div>\n\t\t\t\t<div class=\"elementor-element elementor-element-4cf5ec9 elementor-widget__width-initial elementor-widget elementor-widget-text-editor\" data-id=\"4cf5ec9\" data-element_type=\"widget\" data-widget_type=\"text-editor.default\">\n\t\t\t\t<div class=\"elementor-widget-container\">\n\t\t\t\t\t\t\t\t\t<p class=\"p1\">Cada proyecto es una invitaci\u00f3n a redescubrir el sentido profundo de habitar la tierra, de crear juntos y de vivir conscientemente.<\/p>\t\t\t\t\t\t\t\t<\/div>\n\t\t\t\t<\/div>\n\t\t\t\t<div class=\"elementor-element elementor-element-a203aec elementor-grid-4 elementor-posts--align-center elementor-grid-mobile-2 elementor-grid-tablet-2 elementor-posts--thumbnail-top elementor-posts__hover-gradient elementor-widget elementor-widget-posts\" data-id=\"a203aec\" data-element_type=\"widget\" data-settings=\"{&quot;cards_columns&quot;:&quot;4&quot;,&quot;cards_row_gap&quot;:{&quot;unit&quot;:&quot;px&quot;,&quot;size&quot;:27,&quot;sizes&quot;:[]},&quot;cards_columns_mobile&quot;:&quot;2&quot;,&quot;cards_row_gap_mobile&quot;:{&quot;unit&quot;:&quot;px&quot;,&quot;size&quot;:9,&quot;sizes&quot;:[]},&quot;cards_columns_tablet&quot;:&quot;2&quot;,&quot;cards_row_gap_tablet&quot;:{&quot;unit&quot;:&quot;px&quot;,&quot;size&quot;:&quot;&quot;,&quot;sizes&quot;:[]}}\" data-widget_type=\"posts.cards\">\n\t\t\t\t<div class=\"elementor-widget-container\">\n\t\t\t\t\t\t\t<div class=\"elementor-posts-container elementor-posts elementor-posts--skin-cards elementor-grid\">\n\t\t\t\t<article class=\"elementor-post elementor-grid-item post-651 post type-post status-publish format-standard has-post-thumbnail hentry category-progetti\">\n\t\t\t<div class=\"elementor-post__card\">\n\t\t\t\t<a class=\"elementor-post__thumbnail__link\" href=\"https:\/\/www.ilgiardinodegliolivi.it\/es\/semillas-del-futuro\/\" tabindex=\"-1\" ><div class=\"elementor-post__thumbnail\"><img fetchpriority=\"high\" decoding=\"async\" width=\"300\" height=\"200\" src=\"https:\/\/www.ilgiardinodegliolivi.it\/wp-content\/uploads\/2025\/05\/nino-sonriente-de-vista-lateral-cerca-del-arbol-300x200.jpg\" class=\"attachment-medium size-medium wp-image-681\" alt=\"\" srcset=\"https:\/\/www.ilgiardinodegliolivi.it\/wp-content\/uploads\/2025\/05\/nino-sonriente-de-vista-lateral-cerca-del-arbol-300x200.jpg 300w, https:\/\/www.ilgiardinodegliolivi.it\/wp-content\/uploads\/2025\/05\/nino-sonriente-de-vista-lateral-cerca-del-arbol-1024x683.jpg 1024w, https:\/\/www.ilgiardinodegliolivi.it\/wp-content\/uploads\/2025\/05\/nino-sonriente-de-vista-lateral-cerca-del-arbol-150x100.jpg 150w, https:\/\/www.ilgiardinodegliolivi.it\/wp-content\/uploads\/2025\/05\/nino-sonriente-de-vista-lateral-cerca-del-arbol-768x512.jpg 768w, https:\/\/www.ilgiardinodegliolivi.it\/wp-content\/uploads\/2025\/05\/nino-sonriente-de-vista-lateral-cerca-del-arbol-1536x1025.jpg 1536w, https:\/\/www.ilgiardinodegliolivi.it\/wp-content\/uploads\/2025\/05\/nino-sonriente-de-vista-lateral-cerca-del-arbol-2048x1366.jpg 2048w\" sizes=\"100vw\" \/><\/div><\/a>\n\t\t\t\t<div class=\"elementor-post__text\">\n\t\t\t\t<h1 class=\"elementor-post__title\">\n\t\t\t<a href=\"https:\/\/www.ilgiardinodegliolivi.it\/es\/semillas-del-futuro\/\" >\n\t\t\t\tSemillas de futuro\t\t\t<\/a>\n\t\t<\/h1>\n\t\t\t\t<div class=\"elementor-post__excerpt\">\n\t\t\t<p>Talleres creativos y rutas educativas para j\u00f3venes<\/p>\n\t\t<\/div>\n\t\t\n\t\t<a class=\"elementor-post__read-more\" href=\"https:\/\/www.ilgiardinodegliolivi.it\/es\/semillas-del-futuro\/\" aria-label=\"Read more about Semi di Futuro\" tabindex=\"-1\" >\n\t\t\tLeer m\u00e1s &quot;\t\t<\/a>\n\n\t\t\t\t<\/div>\n\t\t\t\t\t<\/div>\n\t\t<\/article>\n\t\t\t\t<article class=\"elementor-post elementor-grid-item post-698 post type-post status-publish format-standard has-post-thumbnail hentry category-progetti\">\n\t\t\t<div class=\"elementor-post__card\">\n\t\t\t\t<a class=\"elementor-post__thumbnail__link\" href=\"https:\/\/www.ilgiardinodegliolivi.it\/es\/renacido-de-la-tierra\/\" tabindex=\"-1\" ><div class=\"elementor-post__thumbnail\"><img decoding=\"async\" width=\"300\" height=\"200\" src=\"https:\/\/www.ilgiardinodegliolivi.it\/wp-content\/uploads\/2025\/05\/tallo-peludo-con-una-yema-lateral-en-la-hoja-300x200.jpg\" class=\"attachment-medium size-medium wp-image-748\" alt=\"\" srcset=\"https:\/\/www.ilgiardinodegliolivi.it\/wp-content\/uploads\/2025\/05\/tallo-peludo-con-una-yema-lateral-en-la-hoja-300x200.jpg 300w, https:\/\/www.ilgiardinodegliolivi.it\/wp-content\/uploads\/2025\/05\/tallo-peludo-con-una-yema-lateral-en-la-hoja-1024x683.jpg 1024w, https:\/\/www.ilgiardinodegliolivi.it\/wp-content\/uploads\/2025\/05\/tallo-peludo-con-una-yema-lateral-en-la-hoja-150x100.jpg 150w, https:\/\/www.ilgiardinodegliolivi.it\/wp-content\/uploads\/2025\/05\/tallo-peludo-con-una-yema-lateral-en-la-hoja-768x512.jpg 768w, https:\/\/www.ilgiardinodegliolivi.it\/wp-content\/uploads\/2025\/05\/tallo-peludo-con-una-yema-lateral-en-la-hoja.jpg 1500w\" sizes=\"100vw\" \/><\/div><\/a>\n\t\t\t\t<div class=\"elementor-post__text\">\n\t\t\t\t<h1 class=\"elementor-post__title\">\n\t\t\t<a href=\"https:\/\/www.ilgiardinodegliolivi.it\/es\/renacido-de-la-tierra\/\" >\n\t\t\t\tRenacer de la Tierra\t\t\t<\/a>\n\t\t<\/h1>\n\t\t\t\t<div class=\"elementor-post__excerpt\">\n\t\t\t<p>La agricultura ecol\u00f3gica y la cultura del cuidado<\/p>\n\t\t<\/div>\n\t\t\n\t\t<a class=\"elementor-post__read-more\" href=\"https:\/\/www.ilgiardinodegliolivi.it\/es\/renacido-de-la-tierra\/\" aria-label=\"Read more about Rinascere dalla Terra\" tabindex=\"-1\" >\n\t\t\tLeer m\u00e1s &quot;\t\t<\/a>\n\n\t\t\t\t<\/div>\n\t\t\t\t\t<\/div>\n\t\t<\/article>\n\t\t\t\t<article class=\"elementor-post elementor-grid-item post-701 post type-post status-publish format-standard has-post-thumbnail hentry category-progetti\">\n\t\t\t<div class=\"elementor-post__card\">\n\t\t\t\t<a class=\"elementor-post__thumbnail__link\" href=\"https:\/\/www.ilgiardinodegliolivi.it\/es\/un-refugio-para-el-alma\/\" tabindex=\"-1\" ><div class=\"elementor-post__thumbnail\"><img decoding=\"async\" width=\"300\" height=\"225\" src=\"https:\/\/www.ilgiardinodegliolivi.it\/wp-content\/uploads\/2025\/02\/GIARDINOOLIVI-2294-300x225.jpg\" class=\"attachment-medium size-medium wp-image-60\" alt=\"\" srcset=\"https:\/\/www.ilgiardinodegliolivi.it\/wp-content\/uploads\/2025\/02\/GIARDINOOLIVI-2294-300x225.jpg 300w, https:\/\/www.ilgiardinodegliolivi.it\/wp-content\/uploads\/2025\/02\/GIARDINOOLIVI-2294-1024x768.jpg 1024w, https:\/\/www.ilgiardinodegliolivi.it\/wp-content\/uploads\/2025\/02\/GIARDINOOLIVI-2294-768x576.jpg 768w, https:\/\/www.ilgiardinodegliolivi.it\/wp-content\/uploads\/2025\/02\/GIARDINOOLIVI-2294-1536x1152.jpg 1536w, https:\/\/www.ilgiardinodegliolivi.it\/wp-content\/uploads\/2025\/02\/GIARDINOOLIVI-2294.jpg 1980w\" sizes=\"100vw\" \/><\/div><\/a>\n\t\t\t\t<div class=\"elementor-post__text\">\n\t\t\t\t<h1 class=\"elementor-post__title\">\n\t\t\t<a href=\"https:\/\/www.ilgiardinodegliolivi.it\/es\/un-refugio-para-el-alma\/\" >\n\t\t\t\tUn refugio para el alma\t\t\t<\/a>\n\t\t<\/h1>\n\t\t\t\t<div class=\"elementor-post__excerpt\">\n\t\t\t<p>Espacios para retiros, encuentros y transformaci\u00f3n<\/p>\n\t\t<\/div>\n\t\t\n\t\t<a class=\"elementor-post__read-more\" href=\"https:\/\/www.ilgiardinodegliolivi.it\/es\/un-refugio-para-el-alma\/\" aria-label=\"Read more about Un Rifugio per l\u2019Anima\" tabindex=\"-1\" >\n\t\t\tLeer m\u00e1s &quot;\t\t<\/a>\n\n\t\t\t\t<\/div>\n\t\t\t\t\t<\/div>\n\t\t<\/article>\n\t\t\t\t<article class=\"elementor-post elementor-grid-item post-703 post type-post status-publish format-standard has-post-thumbnail hentry category-progetti\">\n\t\t\t<div class=\"elementor-post__card\">\n\t\t\t\t<a class=\"elementor-post__thumbnail__link\" href=\"https:\/\/www.ilgiardinodegliolivi.it\/es\/puentes-entre-mundos\/\" tabindex=\"-1\" ><div class=\"elementor-post__thumbnail\"><img loading=\"lazy\" decoding=\"async\" width=\"300\" height=\"226\" src=\"https:\/\/www.ilgiardinodegliolivi.it\/wp-content\/uploads\/2025\/05\/dadodado_09980_seasonal_festival_in_nature_community_gathering__b4b8510d-1277-4134-a0b2-c7c3af60ed5a-300x226.png\" class=\"attachment-medium size-medium wp-image-777\" alt=\"\" srcset=\"https:\/\/www.ilgiardinodegliolivi.it\/wp-content\/uploads\/2025\/05\/dadodado_09980_seasonal_festival_in_nature_community_gathering__b4b8510d-1277-4134-a0b2-c7c3af60ed5a-300x226.png 300w, https:\/\/www.ilgiardinodegliolivi.it\/wp-content\/uploads\/2025\/05\/dadodado_09980_seasonal_festival_in_nature_community_gathering__b4b8510d-1277-4134-a0b2-c7c3af60ed5a-1024x771.png 1024w, https:\/\/www.ilgiardinodegliolivi.it\/wp-content\/uploads\/2025\/05\/dadodado_09980_seasonal_festival_in_nature_community_gathering__b4b8510d-1277-4134-a0b2-c7c3af60ed5a-150x113.png 150w, https:\/\/www.ilgiardinodegliolivi.it\/wp-content\/uploads\/2025\/05\/dadodado_09980_seasonal_festival_in_nature_community_gathering__b4b8510d-1277-4134-a0b2-c7c3af60ed5a-768x579.png 768w, https:\/\/www.ilgiardinodegliolivi.it\/wp-content\/uploads\/2025\/05\/dadodado_09980_seasonal_festival_in_nature_community_gathering__b4b8510d-1277-4134-a0b2-c7c3af60ed5a.png 1500w\" sizes=\"100vw\" \/><\/div><\/a>\n\t\t\t\t<div class=\"elementor-post__text\">\n\t\t\t\t<h1 class=\"elementor-post__title\">\n\t\t\t<a href=\"https:\/\/www.ilgiardinodegliolivi.it\/es\/puentes-entre-mundos\/\" >\n\t\t\t\tPuentes entre mundos\t\t\t<\/a>\n\t\t<\/h1>\n\t\t\t\t<div class=\"elementor-post__excerpt\">\n\t\t\t<p>Eventos art\u00edsticos, espirituales y multiculturales<\/p>\n\t\t<\/div>\n\t\t\n\t\t<a class=\"elementor-post__read-more\" href=\"https:\/\/www.ilgiardinodegliolivi.it\/es\/puentes-entre-mundos\/\" aria-label=\"Read more about Ponti tra Mondi\" tabindex=\"-1\" >\n\t\t\tLeer m\u00e1s &quot;\t\t<\/a>\n\n\t\t\t\t<\/div>\n\t\t\t\t\t<\/div>\n\t\t<\/article>\n\t\t\t\t<\/div>\n\t\t\n\t\t\t\t\t\t<\/div>\n\t\t\t\t<\/div>\n\t\t\t\t<\/div>\n\t\t<div class=\"elementor-element elementor-element-48d67a4 e-flex e-con-boxed e-con e-parent\" data-id=\"48d67a4\" data-element_type=\"container\" data-settings=\"{&quot;background_background&quot;:&quot;classic&quot;}\">\n\t\t\t\t\t<div class=\"e-con-inner\">\n\t\t\t\t<div class=\"elementor-element elementor-element-02afab9 elementor-widget elementor-widget-heading\" data-id=\"02afab9\" data-element_type=\"widget\" data-widget_type=\"heading.default\">\n\t\t\t\t<div class=\"elementor-widget-container\">\n\t\t\t\t\t<h2 class=\"elementor-heading-title elementor-size-default\">un peque\u00f1o regalo<br>puede marcar la diferencia<\/h2>\t\t\t\t<\/div>\n\t\t\t\t<\/div>\n\t\t\t\t<div class=\"elementor-element elementor-element-a237288 elementor-widget elementor-widget-text-editor\" data-id=\"a237288\" data-element_type=\"widget\" data-widget_type=\"text-editor.default\">\n\t\t\t\t<div class=\"elementor-widget-container\">\n\t\t\t\t\t\t\t\t\t<p>Incluso un simple gesto puede encender la esperanza, curar una herida, construir algo hermoso.<br \/>Con tu ayuda podemos seguir apoyando a los necesitados, proteger lo sagrado y hacer florecer un sue\u00f1o colectivo.<\/p>\t\t\t\t\t\t\t\t<\/div>\n\t\t\t\t<\/div>\n\t\t\t\t<div class=\"elementor-element elementor-element-b44e262 elementor-widget elementor-widget-video\" data-id=\"b44e262\" data-element_type=\"widget\" data-settings=\"{&quot;video_type&quot;:&quot;hosted&quot;,&quot;mute&quot;:&quot;yes&quot;,&quot;show_image_overlay&quot;:&quot;yes&quot;,&quot;image_overlay&quot;:{&quot;url&quot;:&quot;https:\\\/\\\/www.ilgiardinodegliolivi.it\\\/wp-content\\\/uploads\\\/2025\\\/02\\\/GIARDINOOLIVI-2270-1.jpg&quot;,&quot;id&quot;:54,&quot;size&quot;:&quot;&quot;,&quot;alt&quot;:&quot;&quot;,&quot;source&quot;:&quot;library&quot;},&quot;lightbox&quot;:&quot;yes&quot;,&quot;lightbox_content_animation&quot;:&quot;fadeIn&quot;,&quot;controls&quot;:&quot;yes&quot;}\" data-widget_type=\"video.default\">\n\t\t\t\t<div class=\"elementor-widget-container\">\n\t\t\t\t\t\t\t<div class=\"e-hosted-video elementor-wrapper elementor-open-lightbox\">\n\t\t\t\t\t\t\t<div class=\"elementor-custom-embed-image-overlay\" data-elementor-open-lightbox=\"yes\" data-elementor-lightbox=\"{&quot;type&quot;:&quot;video&quot;,&quot;videoType&quot;:&quot;hosted&quot;,&quot;url&quot;:&quot;https:\\\/\\\/www.ilgiardinodegliolivi.it\\\/wp-content\\\/uploads\\\/2025\\\/02\\\/IMG_2285.mov&quot;,&quot;autoplay&quot;:&quot;&quot;,&quot;modalOptions&quot;:{&quot;id&quot;:&quot;elementor-lightbox-b44e262&quot;,&quot;entranceAnimation&quot;:&quot;fadeIn&quot;,&quot;entranceAnimation_tablet&quot;:&quot;&quot;,&quot;entranceAnimation_mobile&quot;:&quot;&quot;,&quot;videoAspectRatio&quot;:&quot;169&quot;},&quot;videoParams&quot;:{&quot;controls&quot;:&quot;&quot;,&quot;preload&quot;:&quot;metadata&quot;,&quot;muted&quot;:&quot;muted&quot;,&quot;controlsList&quot;:&quot;nodownload&quot;}}\" data-e-action-hash=\"#elementor-action%3Aaction%3Dlightbox%26settings%3DeyJ0eXBlIjoidmlkZW8iLCJ2aWRlb1R5cGUiOiJob3N0ZWQiLCJ1cmwiOiJodHRwczpcL1wvd3d3LmlsZ2lhcmRpbm9kZWdsaW9saXZpLml0XC93cC1jb250ZW50XC91cGxvYWRzXC8yMDI1XC8wMlwvSU1HXzIyODUubW92IiwiYXV0b3BsYXkiOiIiLCJtb2RhbE9wdGlvbnMiOnsiaWQiOiJlbGVtZW50b3ItbGlnaHRib3gtYjQ0ZTI2MiIsImVudHJhbmNlQW5pbWF0aW9uIjoiZmFkZUluIiwiZW50cmFuY2VBbmltYXRpb25fdGFibGV0IjoiIiwiZW50cmFuY2VBbmltYXRpb25fbW9iaWxlIjoiIiwidmlkZW9Bc3BlY3RSYXRpbyI6IjE2OSJ9LCJ2aWRlb1BhcmFtcyI6eyJjb250cm9scyI6IiIsInByZWxvYWQiOiJtZXRhZGF0YSIsIm11dGVkIjoibXV0ZWQiLCJjb250cm9sc0xpc3QiOiJub2Rvd25sb2FkIn19\">\n\t\t\t\t\t\t\t\t\t\t\t<img loading=\"lazy\" decoding=\"async\" width=\"1980\" height=\"1485\" src=\"https:\/\/www.ilgiardinodegliolivi.it\/wp-content\/uploads\/2025\/02\/GIARDINOOLIVI-2270-1.jpg\" class=\"attachment-full size-full wp-image-54\" alt=\"\" srcset=\"https:\/\/www.ilgiardinodegliolivi.it\/wp-content\/uploads\/2025\/02\/GIARDINOOLIVI-2270-1.jpg 1980w, https:\/\/www.ilgiardinodegliolivi.it\/wp-content\/uploads\/2025\/02\/GIARDINOOLIVI-2270-1-300x225.jpg 300w, https:\/\/www.ilgiardinodegliolivi.it\/wp-content\/uploads\/2025\/02\/GIARDINOOLIVI-2270-1-1024x768.jpg 1024w, https:\/\/www.ilgiardinodegliolivi.it\/wp-content\/uploads\/2025\/02\/GIARDINOOLIVI-2270-1-768x576.jpg 768w, https:\/\/www.ilgiardinodegliolivi.it\/wp-content\/uploads\/2025\/02\/GIARDINOOLIVI-2270-1-1536x1152.jpg 1536w\" sizes=\"100vw\" \/>\t\t\t\t\t\t\t\t\t\t\t\t\t\t\t\t<div class=\"elementor-custom-embed-play\" role=\"button\" aria-label=\"Reproducir v\u00eddeo\" tabindex=\"0\">\n\t\t\t\t\t\t\t<svg aria-hidden=\"true\" class=\"e-font-icon-svg e-eicon-play\" viewbox=\"0 0 1000 1000\" xmlns=\"http:\/\/www.w3.org\/2000\/svg\"><path d=\"M838 162C746 71 633 25 500 25 371 25 258 71 163 162 71 254 25 367 25 500 25 633 71 746 163 837 254 929 367 979 500 979 633 979 746 933 838 837 929 746 975 633 975 500 975 367 929 254 838 162M808 192C892 279 933 379 933 500 933 621 892 725 808 808 725 892 621 938 500 938 379 938 279 896 196 808 113 725 67 621 67 500 67 379 108 279 196 192 279 108 383 62 500 62 621 62 721 108 808 192M438 392V642L642 517 438 392Z\"><\/path><\/svg>\t\t\t\t\t\t<\/div>\n\t\t\t\t\t\t\t\t\t<\/div>\n\t\t\t\t\t<\/div>\n\t\t\t\t\t\t<\/div>\n\t\t\t\t<\/div>\n\t\t\t\t<div class=\"elementor-element elementor-element-d048598 elementor-align-center popmake-619 elementor-widget elementor-widget-button\" data-id=\"d048598\" data-element_type=\"widget\" data-widget_type=\"button.default\">\n\t\t\t\t<div class=\"elementor-widget-container\">\n\t\t\t\t\t\t\t\t\t<div class=\"elementor-button-wrapper\">\n\t\t\t\t\t<a class=\"elementor-button elementor-size-sm\" role=\"button\">\n\t\t\t\t\t\t<span class=\"elementor-button-content-wrapper\">\n\t\t\t\t\t\t\t\t\t<span class=\"elementor-button-text\">donar ahora<\/span>\n\t\t\t\t\t<\/span>\n\t\t\t\t\t<\/a>\n\t\t\t\t<\/div>\n\t\t\t\t\t\t\t\t<\/div>\n\t\t\t\t<\/div>\n\t\t\t\t\t<\/div>\n\t\t\t\t<\/div>\n\t\t\t\t<\/div>","protected":false},"excerpt":{"rendered":"<p>In un mondo che corre e confonde, abbiamo scelto di rallentare.Di tornare all\u2019essenza. Il Giardino degli Olivi non \u00e8 solo un nome.\u00c8 una visione, un luogo dell\u2019anima, dove spiritualit\u00e0 e concretezza si incontrano, dove la medicina dei popoli antichi si unisce alla solidariet\u00e0 del presente. Abbiamo scelto di essere un Trust Umanitario e Spirituale, perch\u00e9 &hellip; <\/p>\n<p class=\"link-more\"><a href=\"https:\/\/www.ilgiardinodegliolivi.it\/es\/puentes-entre-mundos\/\" class=\"more-link\">Continuar leyendo<span class=\"screen-reader-text\"> &#8220;Ponti tra Mondi&#8221;<\/span><\/a><\/p>","protected":false},"author":1,"featured_media":58,"parent":0,"menu_order":0,"comment_status":"closed","ping_status":"closed","template":"elementor_header_footer","meta":{"footnotes":""},"class_list":["post-568","page","type-page","status-publish","has-post-thumbnail","hentry"],"yoast_head":"<!-- This site is optimized with the Yoast SEO plugin v25.2 - https:\/\/yoast.com\/wordpress\/plugins\/seo\/ -->\n<title>Il Giardino degli Olivi \u2013 Natura, Spirito e Comunit\u00e0<\/title>\n<meta name=\"description\" content=\"Uno spazio sacro immerso negli ulivi liguri, dedicato alla crescita interiore, all\u2019educazione naturale e all\u2019incontro tra culture.\" \/>\n<meta name=\"robots\" content=\"index, follow, max-snippet:-1, max-image-preview:large, max-video-preview:-1\" \/>\n<link rel=\"canonical\" href=\"https:\/\/www.ilgiardinodegliolivi.it\/es\" \/>\n<meta property=\"og:locale\" content=\"es_ES\" \/>\n<meta property=\"og:type\" content=\"article\" \/>\n<meta property=\"og:title\" content=\"Il Giardino degli Olivi \u2013 Coscienza, Amore e Responsabilit\u00e0\" \/>\n<meta property=\"og:description\" content=\"Un luogo sacro dedicato alla crescita interiore, alla cura della terra e all\u2019incontro tra culture.Laboratori per bambini, eventi sciamanici, arte, ospitalit\u00e0 e coltivazione biologica: un\u2019oasi per anime in cammino.\" \/>\n<meta property=\"og:url\" content=\"https:\/\/www.ilgiardinodegliolivi.it\/es\" \/>\n<meta property=\"og:site_name\" content=\"Il Giardino degli Olivi\" \/>\n<meta property=\"article:modified_time\" content=\"2025-06-11T17:39:46+00:00\" \/>\n<meta property=\"og:image\" content=\"https:\/\/www.ilgiardinodegliolivi.it\/wp-content\/uploads\/2025\/05\/dadodado_09980_seasonal_festival_in_nature_community_gathering__b4b8510d-1277-4134-a0b2-c7c3af60ed5a-1024x771.png\" \/>\n\t<meta property=\"og:image:width\" content=\"1024\" \/>\n\t<meta property=\"og:image:height\" content=\"771\" \/>\n\t<meta property=\"og:image:type\" content=\"image\/png\" \/>\n<meta name=\"twitter:card\" content=\"summary_large_image\" \/>\n<meta name=\"twitter:label1\" content=\"Tiempo de lectura\" \/>\n\t<meta name=\"twitter:data1\" content=\"3 minutos\" \/>\n<script type=\"application\/ld+json\" class=\"yoast-schema-graph\">{\"@context\":\"https:\/\/schema.org\",\"@graph\":[{\"@type\":\"WebPage\",\"@id\":\"https:\/\/www.ilgiardinodegliolivi.it\/\",\"url\":\"https:\/\/www.ilgiardinodegliolivi.it\/\",\"name\":\"Il Giardino degli Olivi \u2013 Natura, Spirito e Comunit\u00e0\",\"isPartOf\":{\"@id\":\"https:\/\/www.ilgiardinodegliolivi.it\/#website\"},\"primaryImageOfPage\":{\"@id\":\"https:\/\/www.ilgiardinodegliolivi.it\/#primaryimage\"},\"image\":{\"@id\":\"https:\/\/www.ilgiardinodegliolivi.it\/#primaryimage\"},\"thumbnailUrl\":\"https:\/\/www.ilgiardinodegliolivi.it\/wp-content\/uploads\/2025\/02\/GIARDINOOLIVI-2286.jpg\",\"datePublished\":\"2025-05-06T09:16:17+00:00\",\"dateModified\":\"2025-06-11T17:39:46+00:00\",\"description\":\"Uno spazio sacro immerso negli ulivi liguri, dedicato alla crescita interiore, all\u2019educazione naturale e all\u2019incontro tra culture.\",\"breadcrumb\":{\"@id\":\"https:\/\/www.ilgiardinodegliolivi.it\/#breadcrumb\"},\"inLanguage\":\"es\",\"potentialAction\":[{\"@type\":\"ReadAction\",\"target\":[\"https:\/\/www.ilgiardinodegliolivi.it\/\"]}]},{\"@type\":\"ImageObject\",\"inLanguage\":\"es\",\"@id\":\"https:\/\/www.ilgiardinodegliolivi.it\/#primaryimage\",\"url\":\"https:\/\/www.ilgiardinodegliolivi.it\/wp-content\/uploads\/2025\/02\/GIARDINOOLIVI-2286.jpg\",\"contentUrl\":\"https:\/\/www.ilgiardinodegliolivi.it\/wp-content\/uploads\/2025\/02\/GIARDINOOLIVI-2286.jpg\",\"width\":1980,\"height\":1485},{\"@type\":\"BreadcrumbList\",\"@id\":\"https:\/\/www.ilgiardinodegliolivi.it\/#breadcrumb\",\"itemListElement\":[{\"@type\":\"ListItem\",\"position\":1,\"name\":\"Home\",\"item\":\"https:\/\/www.ilgiardinodegliolivi.it\/\"},{\"@type\":\"ListItem\",\"position\":2,\"name\":\"HOME\"}]},{\"@type\":\"WebSite\",\"@id\":\"https:\/\/www.ilgiardinodegliolivi.it\/#website\",\"url\":\"https:\/\/www.ilgiardinodegliolivi.it\/\",\"name\":\"Il Giardino degli Olivi\",\"description\":\"Coscienza, Amore e Responsabilit&agrave;\",\"publisher\":{\"@id\":\"https:\/\/www.ilgiardinodegliolivi.it\/#organization\"},\"potentialAction\":[{\"@type\":\"SearchAction\",\"target\":{\"@type\":\"EntryPoint\",\"urlTemplate\":\"https:\/\/www.ilgiardinodegliolivi.it\/?s={search_term_string}\"},\"query-input\":{\"@type\":\"PropertyValueSpecification\",\"valueRequired\":true,\"valueName\":\"search_term_string\"}}],\"inLanguage\":\"es\"},{\"@type\":\"Organization\",\"@id\":\"https:\/\/www.ilgiardinodegliolivi.it\/#organization\",\"name\":\"Il Giardino degli Olivi\",\"url\":\"https:\/\/www.ilgiardinodegliolivi.it\/\",\"logo\":{\"@type\":\"ImageObject\",\"inLanguage\":\"es\",\"@id\":\"https:\/\/www.ilgiardinodegliolivi.it\/#\/schema\/logo\/image\/\",\"url\":\"https:\/\/www.ilgiardinodegliolivi.it\/wp-content\/uploads\/2025\/02\/logo-sito.png\",\"contentUrl\":\"https:\/\/www.ilgiardinodegliolivi.it\/wp-content\/uploads\/2025\/02\/logo-sito.png\",\"width\":1000,\"height\":937,\"caption\":\"Il Giardino degli Olivi\"},\"image\":{\"@id\":\"https:\/\/www.ilgiardinodegliolivi.it\/#\/schema\/logo\/image\/\"},\"sameAs\":[\"https:\/\/www.instagram.com\/giardinodegliolivi\/\"]}]}<\/script>\n<!-- \/ Yoast SEO plugin. -->","yoast_head_json":{"title":"Il Giardino degli Olivi \u2013 Natura, Spirito e Comunit\u00e0","description":"Uno spazio sacro immerso negli ulivi liguri, dedicato alla crescita interiore, all\u2019educazione naturale e all\u2019incontro tra culture.","robots":{"index":"index","follow":"follow","max-snippet":"max-snippet:-1","max-image-preview":"max-image-preview:large","max-video-preview":"max-video-preview:-1"},"canonical":"https:\/\/www.ilgiardinodegliolivi.it\/es","og_locale":"es_ES","og_type":"article","og_title":"Il Giardino degli Olivi \u2013 Coscienza, Amore e Responsabilit\u00e0","og_description":"Un luogo sacro dedicato alla crescita interiore, alla cura della terra e all\u2019incontro tra culture.Laboratori per bambini, eventi sciamanici, arte, ospitalit\u00e0 e coltivazione biologica: un\u2019oasi per anime in cammino.","og_url":"https:\/\/www.ilgiardinodegliolivi.it\/es","og_site_name":"Il Giardino degli Olivi","article_modified_time":"2025-06-11T17:39:46+00:00","og_image":[{"width":1024,"height":771,"url":"https:\/\/www.ilgiardinodegliolivi.it\/wp-content\/uploads\/2025\/05\/dadodado_09980_seasonal_festival_in_nature_community_gathering__b4b8510d-1277-4134-a0b2-c7c3af60ed5a-1024x771.png","type":"image\/png"}],"twitter_card":"summary_large_image","twitter_misc":{"Tiempo de lectura":"3 minutos"},"schema":{"@context":"https:\/\/schema.org","@graph":[{"@type":"WebPage","@id":"https:\/\/www.ilgiardinodegliolivi.it\/","url":"https:\/\/www.ilgiardinodegliolivi.it\/","name":"Il Giardino degli Olivi \u2013 Natura, Spirito e Comunit\u00e0","isPartOf":{"@id":"https:\/\/www.ilgiardinodegliolivi.it\/#website"},"primaryImageOfPage":{"@id":"https:\/\/www.ilgiardinodegliolivi.it\/#primaryimage"},"image":{"@id":"https:\/\/www.ilgiardinodegliolivi.it\/#primaryimage"},"thumbnailUrl":"https:\/\/www.ilgiardinodegliolivi.it\/wp-content\/uploads\/2025\/02\/GIARDINOOLIVI-2286.jpg","datePublished":"2025-05-06T09:16:17+00:00","dateModified":"2025-06-11T17:39:46+00:00","description":"Uno spazio sacro immerso negli ulivi liguri, dedicato alla crescita interiore, all\u2019educazione naturale e all\u2019incontro tra culture.","breadcrumb":{"@id":"https:\/\/www.ilgiardinodegliolivi.it\/#breadcrumb"},"inLanguage":"es","potentialAction":[{"@type":"ReadAction","target":["https:\/\/www.ilgiardinodegliolivi.it\/"]}]},{"@type":"ImageObject","inLanguage":"es","@id":"https:\/\/www.ilgiardinodegliolivi.it\/#primaryimage","url":"https:\/\/www.ilgiardinodegliolivi.it\/wp-content\/uploads\/2025\/02\/GIARDINOOLIVI-2286.jpg","contentUrl":"https:\/\/www.ilgiardinodegliolivi.it\/wp-content\/uploads\/2025\/02\/GIARDINOOLIVI-2286.jpg","width":1980,"height":1485},{"@type":"BreadcrumbList","@id":"https:\/\/www.ilgiardinodegliolivi.it\/#breadcrumb","itemListElement":[{"@type":"ListItem","position":1,"name":"Home","item":"https:\/\/www.ilgiardinodegliolivi.it\/"},{"@type":"ListItem","position":2,"name":"HOME"}]},{"@type":"WebSite","@id":"https:\/\/www.ilgiardinodegliolivi.it\/#website","url":"https:\/\/www.ilgiardinodegliolivi.it\/","name":"Il Giardino degli Olivi","description":"Coscienza, Amore e Responsabilit&agrave;","publisher":{"@id":"https:\/\/www.ilgiardinodegliolivi.it\/#organization"},"potentialAction":[{"@type":"SearchAction","target":{"@type":"EntryPoint","urlTemplate":"https:\/\/www.ilgiardinodegliolivi.it\/?s={search_term_string}"},"query-input":{"@type":"PropertyValueSpecification","valueRequired":true,"valueName":"search_term_string"}}],"inLanguage":"es"},{"@type":"Organization","@id":"https:\/\/www.ilgiardinodegliolivi.it\/#organization","name":"Il Giardino degli Olivi","url":"https:\/\/www.ilgiardinodegliolivi.it\/","logo":{"@type":"ImageObject","inLanguage":"es","@id":"https:\/\/www.ilgiardinodegliolivi.it\/#\/schema\/logo\/image\/","url":"https:\/\/www.ilgiardinodegliolivi.it\/wp-content\/uploads\/2025\/02\/logo-sito.png","contentUrl":"https:\/\/www.ilgiardinodegliolivi.it\/wp-content\/uploads\/2025\/02\/logo-sito.png","width":1000,"height":937,"caption":"Il Giardino degli Olivi"},"image":{"@id":"https:\/\/www.ilgiardinodegliolivi.it\/#\/schema\/logo\/image\/"},"sameAs":["https:\/\/www.instagram.com\/giardinodegliolivi\/"]}]}},"_links":{"self":[{"href":"https:\/\/www.ilgiardinodegliolivi.it\/es\/wp-json\/wp\/v2\/pages\/568","targetHints":{"allow":["GET"]}}],"collection":[{"href":"https:\/\/www.ilgiardinodegliolivi.it\/es\/wp-json\/wp\/v2\/pages"}],"about":[{"href":"https:\/\/www.ilgiardinodegliolivi.it\/es\/wp-json\/wp\/v2\/types\/page"}],"author":[{"embeddable":true,"href":"https:\/\/www.ilgiardinodegliolivi.it\/es\/wp-json\/wp\/v2\/users\/1"}],"replies":[{"embeddable":true,"href":"https:\/\/www.ilgiardinodegliolivi.it\/es\/wp-json\/wp\/v2\/comments?post=568"}],"version-history":[{"count":142,"href":"https:\/\/www.ilgiardinodegliolivi.it\/es\/wp-json\/wp\/v2\/pages\/568\/revisions"}],"predecessor-version":[{"id":1442,"href":"https:\/\/www.ilgiardinodegliolivi.it\/es\/wp-json\/wp\/v2\/pages\/568\/revisions\/1442"}],"wp:featuredmedia":[{"embeddable":true,"href":"https:\/\/www.ilgiardinodegliolivi.it\/es\/wp-json\/wp\/v2\/media\/58"}],"wp:attachment":[{"href":"https:\/\/www.ilgiardinodegliolivi.it\/es\/wp-json\/wp\/v2\/media?parent=568"}],"curies":[{"name":"wp","href":"https:\/\/api.w.org\/{rel}","templated":true}]}}