{"id":562,"date":"2025-05-06T09:14:51","date_gmt":"2025-05-06T09:14:51","guid":{"rendered":"https:\/\/www.ilgiardinodegliolivi.it\/?page_id=562"},"modified":"2025-06-11T17:36:40","modified_gmt":"2025-06-11T17:36:40","slug":"quienes-somos","status":"publish","type":"page","link":"https:\/\/www.ilgiardinodegliolivi.it\/es\/quienes-somos\/","title":{"rendered":"QUI\u00c9NES SOMOS"},"content":{"rendered":"<div data-elementor-type=\"wp-page\" data-elementor-id=\"562\" class=\"elementor elementor-562\" data-elementor-post-type=\"page\">\n\t\t\t\t<div class=\"elementor-element elementor-element-7d925c0 e-con-full e-flex e-con e-parent\" data-id=\"7d925c0\" data-element_type=\"container\" data-settings=\"{&quot;background_background&quot;:&quot;classic&quot;}\">\n\t\t<div class=\"elementor-element elementor-element-acfba93 e-con-full e-flex e-con e-child\" data-id=\"acfba93\" data-element_type=\"container\" data-settings=\"{&quot;background_background&quot;:&quot;classic&quot;,&quot;animation&quot;:&quot;none&quot;}\">\n\t\t<div class=\"elementor-element elementor-element-ac44eb3 e-con-full e-flex e-con e-child\" data-id=\"ac44eb3\" data-element_type=\"container\" data-settings=\"{&quot;background_background&quot;:&quot;classic&quot;,&quot;animation&quot;:&quot;none&quot;}\">\n\t\t\t\t<div class=\"elementor-element elementor-element-a4ae246 elementor-widget__width-initial elementor-widget elementor-widget-text-editor\" data-id=\"a4ae246\" data-element_type=\"widget\" data-widget_type=\"text-editor.default\">\n\t\t\t\t<div class=\"elementor-widget-container\">\n\t\t\t\t\t\t\t\t\t<p class=\"p1\"><strong>El jard\u00edn de los olivos<\/strong> No es s\u00f3lo un nombre.<br \/>Es una visi\u00f3n, un lugar del alma, donde la espiritualidad y lo concreto se encuentran,<br \/>Donde la medicina de los pueblos antiguos se combina con la solidaridad del presente.<\/p><p class=\"translation-block\">Hemos elegido ser un <b>Trust Humanitario y Espiritual<\/b>,<br>porque lo que custodiamos es sagrado: son vidas, sue\u00f1os, semillas de futuro.<br>\nNacimos para custodir y proteger,\n<br>para construir puentes entre mundos,\n<br>para nutrir a personas y visiones.<\/p>\t\t\t\t\t\t\t\t<\/div>\n\t\t\t\t<\/div>\n\t\t\t\t<\/div>\n\t\t<div class=\"elementor-element elementor-element-7b6861d e-con-full e-flex e-con e-child\" data-id=\"7b6861d\" data-element_type=\"container\" data-settings=\"{&quot;background_background&quot;:&quot;classic&quot;,&quot;animation&quot;:&quot;none&quot;}\">\n\t\t\t\t<div class=\"elementor-element elementor-element-0cb1a77 elementor-widget__width-initial elementor-widget elementor-widget-heading\" data-id=\"0cb1a77\" data-element_type=\"widget\" data-widget_type=\"heading.default\">\n\t\t\t\t<div class=\"elementor-widget-container\">\n\t\t\t\t\t<h2 class=\"elementor-heading-title elementor-size-default\">Un coraz\u00f3n \n<br>que late\n<br>para el ser humano\n<br>y por la Tierra<\/h2>\t\t\t\t<\/div>\n\t\t\t\t<\/div>\n\t\t\t\t<\/div>\n\t\t\t\t<\/div>\n\t\t<div class=\"elementor-element elementor-element-59c1a54 e-con-full e-flex e-con e-child\" data-id=\"59c1a54\" data-element_type=\"container\" data-settings=\"{&quot;background_background&quot;:&quot;classic&quot;,&quot;animation&quot;:&quot;none&quot;}\">\n\t\t\t\t<div class=\"elementor-element elementor-element-b262961 elementor-widget elementor-widget-heading\" data-id=\"b262961\" data-element_type=\"widget\" data-widget_type=\"heading.default\">\n\t\t\t\t<div class=\"elementor-widget-container\">\n\t\t\t\t\t<h2 class=\"elementor-heading-title elementor-size-default\">\u00bfQuienes somos?<\/h2>\t\t\t\t<\/div>\n\t\t\t\t<\/div>\n\t\t\t\t<div class=\"elementor-element elementor-element-8f3e7fb elementor-widget__width-initial elementor-widget elementor-widget-text-editor\" data-id=\"8f3e7fb\" data-element_type=\"widget\" data-widget_type=\"text-editor.default\">\n\t\t\t\t<div class=\"elementor-widget-container\">\n\t\t\t\t\t\t\t\t\t<p class=\"p1\">Somos\u00a0<span class=\"s1\"><b>Mamakuna Tribu<\/b><\/span>, una familia de almas en viaje.<br \/>Mantenemos el <span class=\"s1\"><b>Jard\u00edn de los Olivos<\/b><\/span>, un lugar de tierra, esp\u00edritu y belleza.<br \/>Aqu\u00ed cultivamos olivos y visiones, recibimos personas, seminarios, Ni\u00f1os y Maestros.<br \/>Cuidamos este espacio con amor, silencio y escucha profunda.<\/p><p><b>Cada proyecto es un acto de servicio.<br \/>Nuestra misi\u00f3n es regenerar: la tierra, la comunidad, lo humano.<br \/>Con tu ayuda, este sue\u00f1o podr\u00e1 seguir floreciendo.<\/b><\/p>\t\t\t\t\t\t\t\t<\/div>\n\t\t\t\t<\/div>\n\t\t\t\t<\/div>\n\t\t<div class=\"elementor-element elementor-element-f3d64a0 e-flex e-con-boxed e-con e-child\" data-id=\"f3d64a0\" data-element_type=\"container\" data-settings=\"{&quot;background_background&quot;:&quot;slideshow&quot;,&quot;background_slideshow_gallery&quot;:[{&quot;id&quot;:61,&quot;url&quot;:&quot;https:\\\/\\\/www.ilgiardinodegliolivi.it\\\/wp-content\\\/uploads\\\/2025\\\/02\\\/GIARDINOOLIVI-2295.jpg&quot;},{&quot;id&quot;:60,&quot;url&quot;:&quot;https:\\\/\\\/www.ilgiardinodegliolivi.it\\\/wp-content\\\/uploads\\\/2025\\\/02\\\/GIARDINOOLIVI-2294.jpg&quot;},{&quot;id&quot;:59,&quot;url&quot;:&quot;https:\\\/\\\/www.ilgiardinodegliolivi.it\\\/wp-content\\\/uploads\\\/2025\\\/02\\\/GIARDINOOLIVI-2289.jpg&quot;},{&quot;id&quot;:58,&quot;url&quot;:&quot;https:\\\/\\\/www.ilgiardinodegliolivi.it\\\/wp-content\\\/uploads\\\/2025\\\/02\\\/GIARDINOOLIVI-2286.jpg&quot;},{&quot;id&quot;:57,&quot;url&quot;:&quot;https:\\\/\\\/www.ilgiardinodegliolivi.it\\\/wp-content\\\/uploads\\\/2025\\\/02\\\/GIARDINOOLIVI-2279.jpg&quot;},{&quot;id&quot;:56,&quot;url&quot;:&quot;https:\\\/\\\/www.ilgiardinodegliolivi.it\\\/wp-content\\\/uploads\\\/2025\\\/02\\\/GIARDINOOLIVI-2276.jpg&quot;},{&quot;id&quot;:55,&quot;url&quot;:&quot;https:\\\/\\\/www.ilgiardinodegliolivi.it\\\/wp-content\\\/uploads\\\/2025\\\/02\\\/GIARDINOOLIVI-2273.jpg&quot;},{&quot;id&quot;:54,&quot;url&quot;:&quot;https:\\\/\\\/www.ilgiardinodegliolivi.it\\\/wp-content\\\/uploads\\\/2025\\\/02\\\/GIARDINOOLIVI-2270-1.jpg&quot;}],&quot;background_slideshow_slide_duration&quot;:6000,&quot;background_slideshow_transition_duration&quot;:3500,&quot;background_slideshow_lazyload&quot;:&quot;yes&quot;,&quot;background_slideshow_ken_burns&quot;:&quot;yes&quot;,&quot;background_slideshow_loop&quot;:&quot;yes&quot;,&quot;background_slideshow_slide_transition&quot;:&quot;fade&quot;,&quot;background_slideshow_ken_burns_zoom_direction&quot;:&quot;in&quot;}\">\n\t\t\t\t\t<div class=\"e-con-inner\">\n\t\t\t\t<div class=\"elementor-element elementor-element-a8c9950 elementor-widget elementor-widget-heading\" data-id=\"a8c9950\" data-element_type=\"widget\" data-widget_type=\"heading.default\">\n\t\t\t\t<div class=\"elementor-widget-container\">\n\t\t\t\t\t<h2 class=\"elementor-heading-title elementor-size-default\">Una red viva que act\u00faa<\/h2>\t\t\t\t<\/div>\n\t\t\t\t<\/div>\n\t\t\t\t\t<\/div>\n\t\t\t\t<\/div>\n\t\t<div class=\"elementor-element elementor-element-4e38227 e-con-full e-flex e-con e-child\" data-id=\"4e38227\" data-element_type=\"container\" data-settings=\"{&quot;background_background&quot;:&quot;classic&quot;,&quot;animation&quot;:&quot;none&quot;}\">\n\t\t<div class=\"elementor-element elementor-element-3662dd3 e-con-full e-flex e-con e-child\" data-id=\"3662dd3\" data-element_type=\"container\" data-settings=\"{&quot;background_background&quot;:&quot;classic&quot;,&quot;animation&quot;:&quot;none&quot;}\">\n\t\t\t\t<div class=\"elementor-element elementor-element-c7be297 elementor-widget__width-initial elementor-widget elementor-widget-text-editor\" data-id=\"c7be297\" data-element_type=\"widget\" data-widget_type=\"text-editor.default\">\n\t\t\t\t<div class=\"elementor-widget-container\">\n\t\t\t\t\t\t\t\t\t<p class=\"p1\">Nos movemos cada d\u00eda con un prop\u00f3sito claro:<br><b>servir al bien com\u00fan,<br>Por dentro y por fuera.<\/b><\/p>\n<p>Por eso nuestro trabajo abarca desde la ayuda humanitaria hasta la educaci\u00f3n, desde la investigaci\u00f3n espiritual hasta la ecolog\u00eda, desde la formaci\u00f3n intercultural hasta la hospitalidad concreta.<\/p>\n<p><b>Apoyamos a las personas en dificultad, cultivamos la tierra, educamos, acogemos, construimos, cantamos, curamos.<br>Cada acci\u00f3n tiene sus ra\u00edces en antiguos valores y nuevas visiones.<\/b> <b>nuevo<\/b>.<\/p>\t\t\t\t\t\t\t\t<\/div>\n\t\t\t\t<\/div>\n\t\t\t\t<\/div>\n\t\t<div class=\"elementor-element elementor-element-bb017e9 e-con-full e-flex e-con e-child\" data-id=\"bb017e9\" data-element_type=\"container\" data-settings=\"{&quot;background_background&quot;:&quot;classic&quot;,&quot;animation&quot;:&quot;none&quot;}\">\n\t\t\t\t<div class=\"elementor-element elementor-element-3557f89 elementor-widget__width-initial elementor-widget elementor-widget-heading\" data-id=\"3557f89\" data-element_type=\"widget\" data-widget_type=\"heading.default\">\n\t\t\t\t<div class=\"elementor-widget-container\">\n\t\t\t\t\t<h2 class=\"elementor-heading-title elementor-size-default translation-block\">hacia<br> donde<br> vamos<\/h2>\t\t\t\t<\/div>\n\t\t\t\t<\/div>\n\t\t\t\t<\/div>\n\t\t<div class=\"elementor-element elementor-element-1ea7152 e-con-full e-flex e-con e-child\" data-id=\"1ea7152\" data-element_type=\"container\" data-settings=\"{&quot;background_background&quot;:&quot;classic&quot;,&quot;animation&quot;:&quot;none&quot;}\">\n\t\t\t\t<div class=\"elementor-element elementor-element-67458c9 elementor-widget__width-initial elementor-widget elementor-widget-text-editor\" data-id=\"67458c9\" data-element_type=\"widget\" data-widget_type=\"text-editor.default\">\n\t\t\t\t<div class=\"elementor-widget-container\">\n\t\t\t\t\t\t\t\t\t<p class=\"p1\">Queremos crear espacios que sean hogar,<br \/>refugio, escuela, templo, granja,<br \/><b>Taller de sue\u00f1os.<\/b><\/p><p><b>Lugares de vida<\/b>, que puede albergar escuelas y proyectos educativos,<br \/>caminantes, buscadores, practicantes hol\u00edsticos, artistas y agricultores del nuevo mundo.<b><\/b><\/p><p><b><\/b><strong>El jard\u00edn de los olivos<\/strong> Es una historia que late, silenciosa, verdadera.<br \/>Es la historia de quienes recuerdan que se puede vivir con presencia. <br \/>De los que eligen la verdad, el coraz\u00f3n, la sencillez.<br \/><strong>Es la historia de personas que, en medio del caos, deciden volver a la esencia.<\/strong><b><br \/><\/b><\/p>\t\t\t\t\t\t\t\t<\/div>\n\t\t\t\t<\/div>\n\t\t\t\t<\/div>\n\t\t\t\t<\/div>\n\t\t\t\t<div class=\"elementor-element elementor-element-269956c elementor-view-default elementor-widget elementor-widget-icon\" data-id=\"269956c\" data-element_type=\"widget\" data-widget_type=\"icon.default\">\n\t\t\t\t<div class=\"elementor-widget-container\">\n\t\t\t\t\t\t\t<div class=\"elementor-icon-wrapper\">\n\t\t\t<div class=\"elementor-icon\">\n\t\t\t<svg aria-hidden=\"true\" class=\"e-font-icon-svg e-far-heart\" viewbox=\"0 0 512 512\" xmlns=\"http:\/\/www.w3.org\/2000\/svg\"><path d=\"M458.4 64.3C400.6 15.7 311.3 23 256 79.3 200.7 23 111.4 15.6 53.6 64.3-21.6 127.6-10.6 230.8 43 285.5l175.4 178.7c10 10.2 23.4 15.9 37.6 15.9 14.3 0 27.6-5.6 37.6-15.8L469 285.6c53.5-54.7 64.7-157.9-10.6-221.3zm-23.6 187.5L259.4 430.5c-2.4 2.4-4.4 2.4-6.8 0L77.2 251.8c-36.5-37.2-43.9-107.6 7.3-150.7 38.9-32.7 98.9-27.8 136.5 10.5l35 35.7 35-35.7c37.8-38.5 97.8-43.2 136.5-10.6 51.1 43.1 43.5 113.9 7.3 150.8z\"><\/path><\/svg>\t\t\t<\/div>\n\t\t<\/div>\n\t\t\t\t\t\t<\/div>\n\t\t\t\t<\/div>\n\t\t\t\t<div class=\"elementor-element elementor-element-fffd0e1 elementor-widget__width-initial elementor-widget elementor-widget-text-editor\" data-id=\"fffd0e1\" data-element_type=\"widget\" data-widget_type=\"text-editor.default\">\n\t\t\t\t<div class=\"elementor-widget-container\">\n\t\t\t\t\t\t\t\t\t<p>Estamos aqu\u00ed para contar y encarnar esa historia.<br>A trav\u00e9s de gestos concretos, espacios sagrados, comunidades reales, decisiones valientes.<br>Estamos aqu\u00ed para crear refugios, encender fuegos y encontrar direcci\u00f3n.<\/p>\n<p>Lo hacemos con humildad, con cari\u00f1o y con la intenci\u00f3n de caminar cada d\u00eda m\u00e1s aut\u00e9nticamente.<br>No tenemos todas las respuestas. Pero sabemos escuchar atentamente. Y tenemos un coraz\u00f3n abierto.<\/p>\n<p>Si t\u00fa tambi\u00e9n sientes la necesidad de volver a algo m\u00e1s verdadero, m\u00e1s vivo, <br>Est\u00e1s en el lugar correcto.<\/p>\t\t\t\t\t\t\t\t<\/div>\n\t\t\t\t<\/div>\n\t\t\t\t<\/div>\n\t\t<div class=\"elementor-element elementor-element-c4f9624 e-con-full e-flex e-con e-parent\" data-id=\"c4f9624\" data-element_type=\"container\" data-settings=\"{&quot;background_background&quot;:&quot;classic&quot;}\">\n\t\t\t\t<div class=\"elementor-element elementor-element-5b713df elementor-widget elementor-widget-heading\" data-id=\"5b713df\" data-element_type=\"widget\" data-widget_type=\"heading.default\">\n\t\t\t\t<div class=\"elementor-widget-container\">\n\t\t\t\t\t<h2 class=\"elementor-heading-title elementor-size-default\">LA TRIBU<\/h2>\t\t\t\t<\/div>\n\t\t\t\t<\/div>\n\t\t\t\t<div class=\"elementor-element elementor-element-f5c9e82 elementor-widget elementor-widget-text-editor\" data-id=\"f5c9e82\" data-element_type=\"widget\" data-widget_type=\"text-editor.default\">\n\t\t\t\t<div class=\"elementor-widget-container\">\n\t\t\t\t\t\t\t\t\t<p>Somos una tribu.<br \/>Un c\u00edrculo vivo hecho de historias, manos, coraz\u00f3n y visi\u00f3n.<\/p>\t\t\t\t\t\t\t\t<\/div>\n\t\t\t\t<\/div>\n\t\t<div class=\"elementor-element elementor-element-9ec755a e-con-full e-flex e-con e-child\" data-id=\"9ec755a\" data-element_type=\"container\" data-settings=\"{&quot;background_background&quot;:&quot;classic&quot;,&quot;animation&quot;:&quot;none&quot;}\">\n\t\t<div class=\"elementor-element elementor-element-dce0b04 e-con-full e-flex e-con e-child\" data-id=\"dce0b04\" data-element_type=\"container\" data-settings=\"{&quot;background_background&quot;:&quot;classic&quot;,&quot;animation&quot;:&quot;none&quot;}\">\n\t\t\t\t<div class=\"elementor-element elementor-element-5cc72e1 elementor-position-top elementor-widget elementor-widget-image-box\" data-id=\"5cc72e1\" data-element_type=\"widget\" data-widget_type=\"image-box.default\">\n\t\t\t\t<div class=\"elementor-widget-container\">\n\t\t\t\t\t<div class=\"elementor-image-box-wrapper\"><figure class=\"elementor-image-box-img\"><img decoding=\"async\" src=\"https:\/\/www.ilgiardinodegliolivi.it\/wp-content\/uploads\/elementor\/thumbs\/WhatsApp-Image-2025-05-27-at-10.44.44-r6f2nxw67buykow3gyq3yxcu2nxtnys9pnriskxtoo.jpeg\" title=\"Imagen de WhatsApp 2025-05-27 a las 10.44.44\" alt=\"Imagen de WhatsApp 2025-05-27 a las 10.44.44\" loading=\"lazy\" \/><\/figure><div class=\"elementor-image-box-content\"><h3 class=\"elementor-image-box-title\">Davide<\/h3><p class=\"elementor-image-box-description\">&quot;No se limita a lo visible.\n<br>\u00c9l ve m\u00e1s all\u00e1, donde las cosas a\u00fan no han nacido,\n<br>y all\u00ed siembra, all\u00ed florece.&quot;<\/p><\/div><\/div>\t\t\t\t<\/div>\n\t\t\t\t<\/div>\n\t\t\t\t<\/div>\n\t\t<div class=\"elementor-element elementor-element-30d3ad3 e-con-full e-flex e-con e-child\" data-id=\"30d3ad3\" data-element_type=\"container\" data-settings=\"{&quot;background_background&quot;:&quot;classic&quot;,&quot;animation&quot;:&quot;none&quot;}\">\n\t\t\t\t<div class=\"elementor-element elementor-element-c11c756 elementor-position-top elementor-widget elementor-widget-image-box\" data-id=\"c11c756\" data-element_type=\"widget\" data-widget_type=\"image-box.default\">\n\t\t\t\t<div class=\"elementor-widget-container\">\n\t\t\t\t\t<div class=\"elementor-image-box-wrapper\"><figure class=\"elementor-image-box-img\"><img decoding=\"async\" src=\"https:\/\/www.ilgiardinodegliolivi.it\/wp-content\/uploads\/elementor\/thumbs\/GIARDINOOLIVI-2286-r10boxepm643tyqb2txj6xg2reu2362rybvn1xjibs.jpg\" title=\"OLIVEGARDEN-2286\" alt=\"OLIVEGARDEN-2286\" loading=\"lazy\" \/><\/figure><div class=\"elementor-image-box-content\"><h3 class=\"elementor-image-box-title\">Lorenzo<\/h3><p class=\"elementor-image-box-description\">&quot;Cuando la inspiraci\u00f3n lo toca, alturas olvidadas descienden de sus labios, y el oyente recuerda de d\u00f3nde viene.&quot;<\/p><\/div><\/div>\t\t\t\t<\/div>\n\t\t\t\t<\/div>\n\t\t\t\t<\/div>\n\t\t<div class=\"elementor-element elementor-element-0f4818a e-con-full e-flex e-con e-child\" data-id=\"0f4818a\" data-element_type=\"container\" data-settings=\"{&quot;background_background&quot;:&quot;classic&quot;,&quot;animation&quot;:&quot;none&quot;}\">\n\t\t\t\t<div class=\"elementor-element elementor-element-f1f876c elementor-position-top elementor-widget elementor-widget-image-box\" data-id=\"f1f876c\" data-element_type=\"widget\" data-widget_type=\"image-box.default\">\n\t\t\t\t<div class=\"elementor-widget-container\">\n\t\t\t\t\t<div class=\"elementor-image-box-wrapper\"><figure class=\"elementor-image-box-img\"><img fetchpriority=\"high\" decoding=\"async\" width=\"800\" height=\"800\" src=\"https:\/\/www.ilgiardinodegliolivi.it\/wp-content\/uploads\/2025\/05\/227c9563-0d38-4e01-bd10-427fa27fb108-1.jpg\" class=\"attachment-full size-full wp-image-1166\" alt=\"\" srcset=\"https:\/\/www.ilgiardinodegliolivi.it\/wp-content\/uploads\/2025\/05\/227c9563-0d38-4e01-bd10-427fa27fb108-1.jpg 800w, https:\/\/www.ilgiardinodegliolivi.it\/wp-content\/uploads\/2025\/05\/227c9563-0d38-4e01-bd10-427fa27fb108-1-300x300.jpg 300w, https:\/\/www.ilgiardinodegliolivi.it\/wp-content\/uploads\/2025\/05\/227c9563-0d38-4e01-bd10-427fa27fb108-1-150x150.jpg 150w, https:\/\/www.ilgiardinodegliolivi.it\/wp-content\/uploads\/2025\/05\/227c9563-0d38-4e01-bd10-427fa27fb108-1-768x768.jpg 768w, https:\/\/www.ilgiardinodegliolivi.it\/wp-content\/uploads\/2025\/05\/227c9563-0d38-4e01-bd10-427fa27fb108-1-100x100.jpg 100w\" sizes=\"(max-width: 706px) 89vw, (max-width: 767px) 82vw, 740px\" \/><\/figure><div class=\"elementor-image-box-content\"><h3 class=\"elementor-image-box-title\">Emanuel<\/h3><p class=\"elementor-image-box-description\">&quot;Es una presencia que no se mueve.\n<br>\nA quienes intentan imponerse, les responde con el silencio, que muestra el l\u00edmite entre el poder y la verdad\u201d.<\/p><\/div><\/div>\t\t\t\t<\/div>\n\t\t\t\t<\/div>\n\t\t\t\t<\/div>\n\t\t<div class=\"elementor-element elementor-element-de4c83b e-con-full e-flex e-con e-child\" data-id=\"de4c83b\" data-element_type=\"container\" data-settings=\"{&quot;background_background&quot;:&quot;classic&quot;,&quot;animation&quot;:&quot;none&quot;}\">\n\t\t\t\t<div class=\"elementor-element elementor-element-783114a elementor-position-top elementor-widget elementor-widget-image-box\" data-id=\"783114a\" data-element_type=\"widget\" data-widget_type=\"image-box.default\">\n\t\t\t\t<div class=\"elementor-widget-container\">\n\t\t\t\t\t<div class=\"elementor-image-box-wrapper\"><figure class=\"elementor-image-box-img\"><img decoding=\"async\" src=\"https:\/\/www.ilgiardinodegliolivi.it\/wp-content\/uploads\/elementor\/thumbs\/WhatsApp-Image-2025-05-27-at-19.22.31-1-r6fqtk8t3eazt9pvhv2fshb31xosz14b9vtcmfjl3c.jpeg\" title=\"Imagen de WhatsApp 2025-05-27 a las 19.22.31\" alt=\"Imagen de WhatsApp 2025-05-27 a las 19.22.31\" loading=\"lazy\" \/><\/figure><div class=\"elementor-image-box-content\"><h3 class=\"elementor-image-box-title\">Sara<\/h3><p class=\"elementor-image-box-description\">&quot;Lo mira todo con ojos profundos, captando los hilos invisibles que lo unen todo. No se detiene en los detalles, sino que escucha la armon\u00eda del conjunto.&quot;<\/p><\/div><\/div>\t\t\t\t<\/div>\n\t\t\t\t<\/div>\n\t\t\t\t<\/div>\n\t\t<div class=\"elementor-element elementor-element-586f56c e-con-full e-flex e-con e-child\" data-id=\"586f56c\" data-element_type=\"container\" data-settings=\"{&quot;background_background&quot;:&quot;classic&quot;,&quot;animation&quot;:&quot;none&quot;}\">\n\t\t\t\t<div class=\"elementor-element elementor-element-b7904f5 elementor-position-top elementor-widget elementor-widget-image-box\" data-id=\"b7904f5\" data-element_type=\"widget\" data-widget_type=\"image-box.default\">\n\t\t\t\t<div class=\"elementor-widget-container\">\n\t\t\t\t\t<div class=\"elementor-image-box-wrapper\"><figure class=\"elementor-image-box-img\"><img decoding=\"async\" src=\"https:\/\/www.ilgiardinodegliolivi.it\/wp-content\/uploads\/elementor\/thumbs\/GIARDINOOLIVI-2286-r10boxepm643tyqb2txj6xg2reu2362rybvn1xjibs.jpg\" title=\"OLIVEGARDEN-2286\" alt=\"OLIVEGARDEN-2286\" loading=\"lazy\" \/><\/figure><div class=\"elementor-image-box-content\"><h3 class=\"elementor-image-box-title\">Fabio<\/h3><p class=\"elementor-image-box-description\">&quot;\u00c9l entiende lo que desv\u00eda y lo que gu\u00eda. Ve el origen com\u00fan del exceso y el equilibrio.\n<br>Porque tiene ojos para la sombra y para la ley.&quot;<\/p><\/div><\/div>\t\t\t\t<\/div>\n\t\t\t\t<\/div>\n\t\t\t\t<\/div>\n\t\t\t\t<\/div>\n\t\t<div class=\"elementor-element elementor-element-dd66e0b e-con-full e-flex e-con e-child\" data-id=\"dd66e0b\" data-element_type=\"container\" data-settings=\"{&quot;background_background&quot;:&quot;classic&quot;,&quot;animation&quot;:&quot;none&quot;}\">\n\t\t<div class=\"elementor-element elementor-element-8c5f2d6 e-con-full e-flex e-con e-child\" data-id=\"8c5f2d6\" data-element_type=\"container\" data-settings=\"{&quot;background_background&quot;:&quot;classic&quot;,&quot;animation&quot;:&quot;none&quot;}\">\n\t\t\t\t<div class=\"elementor-element elementor-element-11ad4e8 elementor-position-top elementor-widget elementor-widget-image-box\" data-id=\"11ad4e8\" data-element_type=\"widget\" data-widget_type=\"image-box.default\">\n\t\t\t\t<div class=\"elementor-widget-container\">\n\t\t\t\t\t<div class=\"elementor-image-box-wrapper\"><figure class=\"elementor-image-box-img\"><img decoding=\"async\" src=\"https:\/\/www.ilgiardinodegliolivi.it\/wp-content\/uploads\/elementor\/thumbs\/WhatsApp-Image-2025-05-26-at-23.23.56-1-scaled-r6e9747f3ho5nnsqxx0tg4e2yqlxleduv2czlfu1zc.jpeg\" title=\"Imagen de WhatsApp 2025-05-26 a las 23.23.56\" alt=\"Imagen de WhatsApp 2025-05-26 a las 23.23.56\" loading=\"lazy\" \/><\/figure><div class=\"elementor-image-box-content\"><h3 class=\"elementor-image-box-title\">Silvia<\/h3><p class=\"elementor-image-box-description\">&quot;Ella se destaca entre aquellos que ven, no con los ojos, sino con el coraz\u00f3n que recuerda.\n<br>Camina adelante, en silencio, entre aquellos que saben d\u00f3nde mirar.<\/p><\/div><\/div>\t\t\t\t<\/div>\n\t\t\t\t<\/div>\n\t\t\t\t<\/div>\n\t\t<div class=\"elementor-element elementor-element-702d83d e-con-full e-flex e-con e-child\" data-id=\"702d83d\" data-element_type=\"container\" data-settings=\"{&quot;background_background&quot;:&quot;classic&quot;,&quot;animation&quot;:&quot;none&quot;}\">\n\t\t\t\t<div class=\"elementor-element elementor-element-796b2f5 elementor-position-top elementor-widget elementor-widget-image-box\" data-id=\"796b2f5\" data-element_type=\"widget\" data-widget_type=\"image-box.default\">\n\t\t\t\t<div class=\"elementor-widget-container\">\n\t\t\t\t\t<div class=\"elementor-image-box-wrapper\"><figure class=\"elementor-image-box-img\"><img decoding=\"async\" src=\"https:\/\/www.ilgiardinodegliolivi.it\/wp-content\/uploads\/elementor\/thumbs\/WhatsApp-Image-2025-05-21-at-08.54.32-e1748294508654-r6e8wna4yxc6c1092w3f69i8r87qurthr8ra5hcxag.jpeg\" title=\"Imagen de WhatsApp 2025-05-21 a las 08.54.32\" alt=\"Imagen de WhatsApp 2025-05-21 a las 08.54.32\" loading=\"lazy\" \/><\/figure><div class=\"elementor-image-box-content\"><h3 class=\"elementor-image-box-title\">Giorgia<\/h3><p class=\"elementor-image-box-description\">&quot;\u00c9l no lucha para ganar.<br>\nEs su luz la que disuelve lo que se le opone.\n<br>Y as\u00ed, ella camina libre.&quot;<\/p><\/div><\/div>\t\t\t\t<\/div>\n\t\t\t\t<\/div>\n\t\t\t\t<\/div>\n\t\t<div class=\"elementor-element elementor-element-aa92b61 e-con-full e-flex e-con e-child\" data-id=\"aa92b61\" data-element_type=\"container\" data-settings=\"{&quot;background_background&quot;:&quot;classic&quot;,&quot;animation&quot;:&quot;none&quot;}\">\n\t\t\t\t<div class=\"elementor-element elementor-element-193e24c elementor-position-top elementor-widget elementor-widget-image-box\" data-id=\"193e24c\" data-element_type=\"widget\" data-widget_type=\"image-box.default\">\n\t\t\t\t<div class=\"elementor-widget-container\">\n\t\t\t\t\t<div class=\"elementor-image-box-wrapper\"><figure class=\"elementor-image-box-img\"><img decoding=\"async\" src=\"https:\/\/www.ilgiardinodegliolivi.it\/wp-content\/uploads\/elementor\/thumbs\/GIARDINOOLIVI-2286-r10boxepm643tyqb2txj6xg2reu2362rybvn1xjibs.jpg\" title=\"OLIVEGARDEN-2286\" alt=\"OLIVEGARDEN-2286\" loading=\"lazy\" \/><\/figure><div class=\"elementor-image-box-content\"><h3 class=\"elementor-image-box-title\">Francesca<\/h3><p class=\"elementor-image-box-description\">&quot;Cada pregunta de ella aterriza en sus brazos, donde no busca respuesta, sino que se transforma al simplemente permanecer&quot;.<\/p><\/div><\/div>\t\t\t\t<\/div>\n\t\t\t\t<\/div>\n\t\t\t\t<\/div>\n\t\t<div class=\"elementor-element elementor-element-11f3854 e-con-full e-flex e-con e-child\" data-id=\"11f3854\" data-element_type=\"container\" data-settings=\"{&quot;background_background&quot;:&quot;classic&quot;,&quot;animation&quot;:&quot;none&quot;}\">\n\t\t\t\t<div class=\"elementor-element elementor-element-cf22e58 elementor-position-top elementor-widget elementor-widget-image-box\" data-id=\"cf22e58\" data-element_type=\"widget\" data-widget_type=\"image-box.default\">\n\t\t\t\t<div class=\"elementor-widget-container\">\n\t\t\t\t\t<div class=\"elementor-image-box-wrapper\"><figure class=\"elementor-image-box-img\"><img decoding=\"async\" src=\"https:\/\/www.ilgiardinodegliolivi.it\/wp-content\/uploads\/elementor\/thumbs\/WhatsApp-Image-2025-05-23-at-18.15.44-1-r6e8ttrkgth7i53pjo7poz4glm43rgmhdaaubljfyg.jpeg\" title=\"Imagen de WhatsApp 2025-05-23 a las 18.15.44 (1)\" alt=\"Imagen de WhatsApp 2025-05-23 a las 18.15.44 (1)\" loading=\"lazy\" \/><\/figure><div class=\"elementor-image-box-content\"><h3 class=\"elementor-image-box-title\">Mara<\/h3><p class=\"elementor-image-box-description\">&quot;Cuando te abres al verdadero yo,\n<br>El universo responde:\n<br>\u201ccon amor que abraza, abundancia que desborda, \u00e9xito que florece.\u201d<\/p><\/div><\/div>\t\t\t\t<\/div>\n\t\t\t\t<\/div>\n\t\t\t\t<\/div>\n\t\t<div class=\"elementor-element elementor-element-5fac390 e-con-full e-flex e-con e-child\" data-id=\"5fac390\" data-element_type=\"container\" data-settings=\"{&quot;background_background&quot;:&quot;classic&quot;,&quot;animation&quot;:&quot;none&quot;}\">\n\t\t\t\t<div class=\"elementor-element elementor-element-a09b926 elementor-position-top elementor-widget elementor-widget-image-box\" data-id=\"a09b926\" data-element_type=\"widget\" data-widget_type=\"image-box.default\">\n\t\t\t\t<div class=\"elementor-widget-container\">\n\t\t\t\t\t<div class=\"elementor-image-box-wrapper\"><figure class=\"elementor-image-box-img\"><img decoding=\"async\" src=\"https:\/\/www.ilgiardinodegliolivi.it\/wp-content\/uploads\/elementor\/thumbs\/WhatsApp-Image-2025-05-23-at-18.15.44-r6e8tygreznn46wvs88ujfxrkjgxty551xk9pzch3c.jpeg\" title=\"Imagen de WhatsApp 2025-05-23 a las 18.15.44\" alt=\"Imagen de WhatsApp 2025-05-23 a las 18.15.44\" loading=\"lazy\" \/><\/figure><div class=\"elementor-image-box-content\"><h3 class=\"elementor-image-box-title\">Iv\u00e1n<\/h3><p class=\"elementor-image-box-description\">&quot;\u00c9l es la fuerza suave que abre el camino en el coraz\u00f3n del bosque, que despierta el coraje de ser quien eres, enraizado en la tierra y guiado por la luz.&quot;<\/p><\/div><\/div>\t\t\t\t<\/div>\n\t\t\t\t<\/div>\n\t\t\t\t<\/div>\n\t\t\t\t<\/div>\n\t\t\t\t<\/div>\n\t\t<div class=\"elementor-element elementor-element-0287ebc e-con-full e-flex e-con e-parent\" data-id=\"0287ebc\" data-element_type=\"container\">\n\t\t<div class=\"elementor-element elementor-element-839f554 e-con-full e-flex e-con e-child\" data-id=\"839f554\" data-element_type=\"container\">\n\t\t\t\t<div class=\"elementor-element elementor-element-c8e4e67 elementor-widget elementor-widget-heading\" data-id=\"c8e4e67\" data-element_type=\"widget\" data-widget_type=\"heading.default\">\n\t\t\t\t<div class=\"elementor-widget-container\">\n\t\t\t\t\t<h2 class=\"elementor-heading-title elementor-size-default\">Testimonios<\/h2>\t\t\t\t<\/div>\n\t\t\t\t<\/div>\n\t\t\t\t<div class=\"elementor-element elementor-element-64760e9 elementor-widget elementor-widget-text-editor\" data-id=\"64760e9\" data-element_type=\"widget\" data-widget_type=\"text-editor.default\">\n\t\t\t\t<div class=\"elementor-widget-container\">\n\t\t\t\t\t\t\t\t\t<p>Testimonios de experiencias importantes vividas en Tribus<\/p>\t\t\t\t\t\t\t\t<\/div>\n\t\t\t\t<\/div>\n\t\t\t\t<\/div>\n\t\t<div class=\"elementor-element elementor-element-e1394c0 e-con-full e-flex e-con e-child\" data-id=\"e1394c0\" data-element_type=\"container\">\n\t\t<div class=\"elementor-element elementor-element-bbe0b16 e-con-full e-grid e-con e-child\" data-id=\"bbe0b16\" data-element_type=\"container\" data-settings=\"{&quot;background_background&quot;:&quot;classic&quot;}\">\n\t\t\t\t<div class=\"elementor-element elementor-element-0f7dd4d elementor-widget elementor-widget-testimonial\" data-id=\"0f7dd4d\" data-element_type=\"widget\" data-widget_type=\"testimonial.default\">\n\t\t\t\t<div class=\"elementor-widget-container\">\n\t\t\t\t\t\t\t<div class=\"elementor-testimonial-wrapper\">\n\t\t\t\t\t\t\t<div class=\"elementor-testimonial-content\">Much\u00edsimas gracias por darnos a mi pareja y a m\u00ed la oportunidad de vivir el viaje m\u00e1s significativo de nuestras vidas. Hemos recibido much\u00edsimo. Hemos conocido a personas maravillosas con las que sentimos una conexi\u00f3n espiritual y hemos aprendido much\u00edsimo de todos.<\/div>\n\t\t\t\n\t\t\t\t\t\t<div class=\"elementor-testimonial-meta elementor-has-image elementor-testimonial-image-position-aside\">\n\t\t\t\t<div class=\"elementor-testimonial-meta-inner\">\n\t\t\t\t\t\t\t\t\t\t\t<div class=\"elementor-testimonial-image\">\n\t\t\t\t\t\t\t<img decoding=\"async\" width=\"206\" height=\"206\" src=\"https:\/\/www.ilgiardinodegliolivi.it\/wp-content\/uploads\/2025\/02\/472985256_10226583277840473_5038634894932441830_n.jpg\" class=\"attachment-full size-full wp-image-479\" alt=\"\" srcset=\"https:\/\/www.ilgiardinodegliolivi.it\/wp-content\/uploads\/2025\/02\/472985256_10226583277840473_5038634894932441830_n.jpg 206w, https:\/\/www.ilgiardinodegliolivi.it\/wp-content\/uploads\/2025\/02\/472985256_10226583277840473_5038634894932441830_n-150x150.jpg 150w, https:\/\/www.ilgiardinodegliolivi.it\/wp-content\/uploads\/2025\/02\/472985256_10226583277840473_5038634894932441830_n-100x100.jpg 100w\" sizes=\"(max-width: 206px) 100vw, 206px\" \/>\t\t\t\t\t\t<\/div>\n\t\t\t\t\t\n\t\t\t\t\t\t\t\t\t\t<div class=\"elementor-testimonial-details\">\n\t\t\t\t\t\t\t\t\t\t\t\t\t\t<div class=\"elementor-testimonial-name\">Alessandro R.<\/div>\n\t\t\t\t\t\t\t\t\t\t\t\t\t\t\t\t\t\t\t<\/div>\n\t\t\t\t\t\t\t\t\t<\/div>\n\t\t\t<\/div>\n\t\t\t\t\t<\/div>\n\t\t\t\t\t\t<\/div>\n\t\t\t\t<\/div>\n\t\t\t\t<div class=\"elementor-element elementor-element-00f2ece elementor-widget elementor-widget-testimonial\" data-id=\"00f2ece\" data-element_type=\"widget\" data-widget_type=\"testimonial.default\">\n\t\t\t\t<div class=\"elementor-widget-container\">\n\t\t\t\t\t\t\t<div class=\"elementor-testimonial-wrapper\">\n\t\t\t\t\t\t\t<div class=\"elementor-testimonial-content\">Energ\u00eda positiva. Es una tribu donde cada individuo encuentra consciencia, energ\u00eda, belleza, libertad y espacio para conectarse consigo mismo, con la ayuda de toda la tribu. \u00a1\u00a1\u00a1Nos encanta!!!<\/div>\n\t\t\t\n\t\t\t\t\t\t<div class=\"elementor-testimonial-meta elementor-has-image elementor-testimonial-image-position-aside\">\n\t\t\t\t<div class=\"elementor-testimonial-meta-inner\">\n\t\t\t\t\t\t\t\t\t\t\t<div class=\"elementor-testimonial-image\">\n\t\t\t\t\t\t\t<img decoding=\"async\" width=\"480\" height=\"480\" src=\"https:\/\/www.ilgiardinodegliolivi.it\/wp-content\/uploads\/2025\/02\/339113736_129815663262831_1713560418933637997_n.jpg\" class=\"attachment-full size-full wp-image-480\" alt=\"\" srcset=\"https:\/\/www.ilgiardinodegliolivi.it\/wp-content\/uploads\/2025\/02\/339113736_129815663262831_1713560418933637997_n.jpg 480w, https:\/\/www.ilgiardinodegliolivi.it\/wp-content\/uploads\/2025\/02\/339113736_129815663262831_1713560418933637997_n-300x300.jpg 300w, https:\/\/www.ilgiardinodegliolivi.it\/wp-content\/uploads\/2025\/02\/339113736_129815663262831_1713560418933637997_n-150x150.jpg 150w, https:\/\/www.ilgiardinodegliolivi.it\/wp-content\/uploads\/2025\/02\/339113736_129815663262831_1713560418933637997_n-100x100.jpg 100w\" sizes=\"(max-width: 480px) 100vw, 480px\" \/>\t\t\t\t\t\t<\/div>\n\t\t\t\t\t\n\t\t\t\t\t\t\t\t\t\t<div class=\"elementor-testimonial-details\">\n\t\t\t\t\t\t\t\t\t\t\t\t\t\t<div class=\"elementor-testimonial-name\">Cinzia R.<\/div>\n\t\t\t\t\t\t\t\t\t\t\t\t\t\t\t\t\t\t\t<\/div>\n\t\t\t\t\t\t\t\t\t<\/div>\n\t\t\t<\/div>\n\t\t\t\t\t<\/div>\n\t\t\t\t\t\t<\/div>\n\t\t\t\t<\/div>\n\t\t\t\t<div class=\"elementor-element elementor-element-d905519 elementor-widget elementor-widget-testimonial\" data-id=\"d905519\" data-element_type=\"widget\" data-widget_type=\"testimonial.default\">\n\t\t\t\t<div class=\"elementor-widget-container\">\n\t\t\t\t\t\t\t<div class=\"elementor-testimonial-wrapper\">\n\t\t\t\t\t\t\t<div class=\"elementor-testimonial-content\">Un lugar m\u00e1gico donde se abren las vibraciones m\u00e1s elevadas. Hermanos y hermanas de luz. Gu\u00edas sinceros para el descubrimiento del alma.<br>Una comunidad sagrada.<\/div>\n\t\t\t\n\t\t\t\t\t\t<div class=\"elementor-testimonial-meta elementor-has-image elementor-testimonial-image-position-aside\">\n\t\t\t\t<div class=\"elementor-testimonial-meta-inner\">\n\t\t\t\t\t\t\t\t\t\t\t<div class=\"elementor-testimonial-image\">\n\t\t\t\t\t\t\t<img loading=\"lazy\" decoding=\"async\" width=\"492\" height=\"504\" src=\"https:\/\/www.ilgiardinodegliolivi.it\/wp-content\/uploads\/2025\/02\/60345859_2200523460036852_1014362741491630080_n.jpg\" class=\"attachment-full size-full wp-image-481\" alt=\"\" srcset=\"https:\/\/www.ilgiardinodegliolivi.it\/wp-content\/uploads\/2025\/02\/60345859_2200523460036852_1014362741491630080_n.jpg 492w, https:\/\/www.ilgiardinodegliolivi.it\/wp-content\/uploads\/2025\/02\/60345859_2200523460036852_1014362741491630080_n-293x300.jpg 293w, https:\/\/www.ilgiardinodegliolivi.it\/wp-content\/uploads\/2025\/02\/60345859_2200523460036852_1014362741491630080_n-146x150.jpg 146w\" sizes=\"(max-width: 492px) 100vw, 492px\" \/>\t\t\t\t\t\t<\/div>\n\t\t\t\t\t\n\t\t\t\t\t\t\t\t\t\t<div class=\"elementor-testimonial-details\">\n\t\t\t\t\t\t\t\t\t\t\t\t\t\t<div class=\"elementor-testimonial-name\">Alberto F.<\/div>\n\t\t\t\t\t\t\t\t\t\t\t\t\t\t\t\t\t\t\t<\/div>\n\t\t\t\t\t\t\t\t\t<\/div>\n\t\t\t<\/div>\n\t\t\t\t\t<\/div>\n\t\t\t\t\t\t<\/div>\n\t\t\t\t<\/div>\n\t\t\t\t<div class=\"elementor-element elementor-element-d1d7b1f elementor-widget elementor-widget-testimonial\" data-id=\"d1d7b1f\" data-element_type=\"widget\" data-widget_type=\"testimonial.default\">\n\t\t\t\t<div class=\"elementor-widget-container\">\n\t\t\t\t\t\t\t<div class=\"elementor-testimonial-wrapper\">\n\t\t\t\t\t\t\t<div class=\"elementor-testimonial-content\">\u00a1Mamakuna es un lugar de gente al que siempre puedes volver! \u00a1Mamakuna es familia, protecci\u00f3n y amistad! El consejo es no perder la oportunidad de conocerlos cuanto antes.<\/div>\n\t\t\t\n\t\t\t\t\t\t<div class=\"elementor-testimonial-meta elementor-has-image elementor-testimonial-image-position-aside\">\n\t\t\t\t<div class=\"elementor-testimonial-meta-inner\">\n\t\t\t\t\t\t\t\t\t\t\t<div class=\"elementor-testimonial-image\">\n\t\t\t\t\t\t\t<img loading=\"lazy\" decoding=\"async\" width=\"888\" height=\"1184\" src=\"https:\/\/www.ilgiardinodegliolivi.it\/wp-content\/uploads\/2025\/02\/467398654_10234582556805743_30737453653514275_n.jpg\" class=\"attachment-full size-full wp-image-482\" alt=\"\" srcset=\"https:\/\/www.ilgiardinodegliolivi.it\/wp-content\/uploads\/2025\/02\/467398654_10234582556805743_30737453653514275_n.jpg 888w, https:\/\/www.ilgiardinodegliolivi.it\/wp-content\/uploads\/2025\/02\/467398654_10234582556805743_30737453653514275_n-225x300.jpg 225w, https:\/\/www.ilgiardinodegliolivi.it\/wp-content\/uploads\/2025\/02\/467398654_10234582556805743_30737453653514275_n-768x1024.jpg 768w, https:\/\/www.ilgiardinodegliolivi.it\/wp-content\/uploads\/2025\/02\/467398654_10234582556805743_30737453653514275_n-113x150.jpg 113w\" sizes=\"(max-width: 706px) 89vw, (max-width: 767px) 82vw, 740px\" \/>\t\t\t\t\t\t<\/div>\n\t\t\t\t\t\n\t\t\t\t\t\t\t\t\t\t<div class=\"elementor-testimonial-details\">\n\t\t\t\t\t\t\t\t\t\t\t\t\t\t<div class=\"elementor-testimonial-name\">Cintia <\/div>\n\t\t\t\t\t\t\t\t\t\t\t\t\t\t\t\t\t\t\t<\/div>\n\t\t\t\t\t\t\t\t\t<\/div>\n\t\t\t<\/div>\n\t\t\t\t\t<\/div>\n\t\t\t\t\t\t<\/div>\n\t\t\t\t<\/div>\n\t\t\t\t<\/div>\n\t\t\t\t<\/div>\n\t\t\t\t<\/div>\n\t\t<div class=\"elementor-element elementor-element-095dcb7 e-flex e-con-boxed e-con e-parent\" data-id=\"095dcb7\" data-element_type=\"container\" data-settings=\"{&quot;background_background&quot;:&quot;classic&quot;}\">\n\t\t\t\t\t<div class=\"e-con-inner\">\n\t\t\t\t<div class=\"elementor-element elementor-element-a133dd6 elementor-widget elementor-widget-heading\" data-id=\"a133dd6\" data-element_type=\"widget\" data-widget_type=\"heading.default\">\n\t\t\t\t<div class=\"elementor-widget-container\">\n\t\t\t\t\t<h2 class=\"elementor-heading-title elementor-size-default\">un peque\u00f1o regalo<br>puede marcar la diferencia<\/h2>\t\t\t\t<\/div>\n\t\t\t\t<\/div>\n\t\t\t\t<div class=\"elementor-element elementor-element-16e52b6 elementor-widget elementor-widget-text-editor\" data-id=\"16e52b6\" data-element_type=\"widget\" data-widget_type=\"text-editor.default\">\n\t\t\t\t<div class=\"elementor-widget-container\">\n\t\t\t\t\t\t\t\t\t<p>Incluso un simple gesto puede encender la esperanza, curar una herida, construir algo hermoso.<br \/>Con tu ayuda podemos seguir apoyando a los necesitados, proteger lo sagrado y hacer florecer un sue\u00f1o colectivo.<\/p>\t\t\t\t\t\t\t\t<\/div>\n\t\t\t\t<\/div>\n\t\t\t\t<div class=\"elementor-element elementor-element-092c2c1 elementor-widget elementor-widget-video\" data-id=\"092c2c1\" data-element_type=\"widget\" data-settings=\"{&quot;video_type&quot;:&quot;hosted&quot;,&quot;mute&quot;:&quot;yes&quot;,&quot;show_image_overlay&quot;:&quot;yes&quot;,&quot;image_overlay&quot;:{&quot;url&quot;:&quot;https:\\\/\\\/www.ilgiardinodegliolivi.it\\\/wp-content\\\/uploads\\\/2025\\\/02\\\/GIARDINOOLIVI-2270-1.jpg&quot;,&quot;id&quot;:54,&quot;size&quot;:&quot;&quot;,&quot;alt&quot;:&quot;&quot;,&quot;source&quot;:&quot;library&quot;},&quot;lightbox&quot;:&quot;yes&quot;,&quot;lightbox_content_animation&quot;:&quot;fadeIn&quot;,&quot;controls&quot;:&quot;yes&quot;}\" data-widget_type=\"video.default\">\n\t\t\t\t<div class=\"elementor-widget-container\">\n\t\t\t\t\t\t\t<div class=\"e-hosted-video elementor-wrapper elementor-open-lightbox\">\n\t\t\t\t\t\t\t<div class=\"elementor-custom-embed-image-overlay\" data-elementor-open-lightbox=\"yes\" data-elementor-lightbox=\"{&quot;type&quot;:&quot;video&quot;,&quot;videoType&quot;:&quot;hosted&quot;,&quot;url&quot;:&quot;https:\\\/\\\/www.ilgiardinodegliolivi.it\\\/wp-content\\\/uploads\\\/2025\\\/02\\\/IMG_2285.mov&quot;,&quot;autoplay&quot;:&quot;&quot;,&quot;modalOptions&quot;:{&quot;id&quot;:&quot;elementor-lightbox-092c2c1&quot;,&quot;entranceAnimation&quot;:&quot;fadeIn&quot;,&quot;entranceAnimation_tablet&quot;:&quot;&quot;,&quot;entranceAnimation_mobile&quot;:&quot;&quot;,&quot;videoAspectRatio&quot;:&quot;169&quot;},&quot;videoParams&quot;:{&quot;controls&quot;:&quot;&quot;,&quot;preload&quot;:&quot;metadata&quot;,&quot;muted&quot;:&quot;muted&quot;,&quot;controlsList&quot;:&quot;nodownload&quot;}}\" data-e-action-hash=\"#elementor-action%3Aaction%3Dlightbox%26settings%3DeyJ0eXBlIjoidmlkZW8iLCJ2aWRlb1R5cGUiOiJob3N0ZWQiLCJ1cmwiOiJodHRwczpcL1wvd3d3LmlsZ2lhcmRpbm9kZWdsaW9saXZpLml0XC93cC1jb250ZW50XC91cGxvYWRzXC8yMDI1XC8wMlwvSU1HXzIyODUubW92IiwiYXV0b3BsYXkiOiIiLCJtb2RhbE9wdGlvbnMiOnsiaWQiOiJlbGVtZW50b3ItbGlnaHRib3gtMDkyYzJjMSIsImVudHJhbmNlQW5pbWF0aW9uIjoiZmFkZUluIiwiZW50cmFuY2VBbmltYXRpb25fdGFibGV0IjoiIiwiZW50cmFuY2VBbmltYXRpb25fbW9iaWxlIjoiIiwidmlkZW9Bc3BlY3RSYXRpbyI6IjE2OSJ9LCJ2aWRlb1BhcmFtcyI6eyJjb250cm9scyI6IiIsInByZWxvYWQiOiJtZXRhZGF0YSIsIm11dGVkIjoibXV0ZWQiLCJjb250cm9sc0xpc3QiOiJub2Rvd25sb2FkIn19\">\n\t\t\t\t\t\t\t\t\t\t\t<img loading=\"lazy\" decoding=\"async\" width=\"1980\" height=\"1485\" src=\"https:\/\/www.ilgiardinodegliolivi.it\/wp-content\/uploads\/2025\/02\/GIARDINOOLIVI-2270-1.jpg\" class=\"attachment-full size-full wp-image-54\" alt=\"\" srcset=\"https:\/\/www.ilgiardinodegliolivi.it\/wp-content\/uploads\/2025\/02\/GIARDINOOLIVI-2270-1.jpg 1980w, https:\/\/www.ilgiardinodegliolivi.it\/wp-content\/uploads\/2025\/02\/GIARDINOOLIVI-2270-1-300x225.jpg 300w, https:\/\/www.ilgiardinodegliolivi.it\/wp-content\/uploads\/2025\/02\/GIARDINOOLIVI-2270-1-1024x768.jpg 1024w, https:\/\/www.ilgiardinodegliolivi.it\/wp-content\/uploads\/2025\/02\/GIARDINOOLIVI-2270-1-768x576.jpg 768w, https:\/\/www.ilgiardinodegliolivi.it\/wp-content\/uploads\/2025\/02\/GIARDINOOLIVI-2270-1-1536x1152.jpg 1536w\" sizes=\"100vw\" \/>\t\t\t\t\t\t\t\t\t\t\t\t\t\t\t\t<div class=\"elementor-custom-embed-play\" role=\"button\" aria-label=\"Reproducir v\u00eddeo\" tabindex=\"0\">\n\t\t\t\t\t\t\t<svg aria-hidden=\"true\" class=\"e-font-icon-svg e-eicon-play\" viewbox=\"0 0 1000 1000\" xmlns=\"http:\/\/www.w3.org\/2000\/svg\"><path d=\"M838 162C746 71 633 25 500 25 371 25 258 71 163 162 71 254 25 367 25 500 25 633 71 746 163 837 254 929 367 979 500 979 633 979 746 933 838 837 929 746 975 633 975 500 975 367 929 254 838 162M808 192C892 279 933 379 933 500 933 621 892 725 808 808 725 892 621 938 500 938 379 938 279 896 196 808 113 725 67 621 67 500 67 379 108 279 196 192 279 108 383 62 500 62 621 62 721 108 808 192M438 392V642L642 517 438 392Z\"><\/path><\/svg>\t\t\t\t\t\t<\/div>\n\t\t\t\t\t\t\t\t\t<\/div>\n\t\t\t\t\t<\/div>\n\t\t\t\t\t\t<\/div>\n\t\t\t\t<\/div>\n\t\t\t\t<div class=\"elementor-element elementor-element-8dcd9ee elementor-align-center popmake-619 elementor-widget elementor-widget-button\" data-id=\"8dcd9ee\" data-element_type=\"widget\" data-widget_type=\"button.default\">\n\t\t\t\t<div class=\"elementor-widget-container\">\n\t\t\t\t\t\t\t\t\t<div class=\"elementor-button-wrapper\">\n\t\t\t\t\t<a class=\"elementor-button elementor-size-sm\" role=\"button\">\n\t\t\t\t\t\t<span class=\"elementor-button-content-wrapper\">\n\t\t\t\t\t\t\t\t\t<span class=\"elementor-button-text\">donar ahora<\/span>\n\t\t\t\t\t<\/span>\n\t\t\t\t\t<\/a>\n\t\t\t\t<\/div>\n\t\t\t\t\t\t\t\t<\/div>\n\t\t\t\t<\/div>\n\t\t\t\t\t<\/div>\n\t\t\t\t<\/div>\n\t\t\t\t<\/div>","protected":false},"excerpt":{"rendered":"<p>Il Giardino degli Olivi non \u00e8 solo un nome.\u00c8 una visione, un luogo dell\u2019anima, dove spiritualit\u00e0 e concretezza si incontrano,dove la medicina dei popoli antichi si unisce alla solidariet\u00e0 del presente. Abbiamo scelto di essere un Trust Umanitario e Spirituale, perch\u00e9 ci\u00f2 che custodiamo \u00e8 sacro: sono vite, sogni, semi di futuro.Siamo nati per custodire &hellip; <\/p>\n<p class=\"link-more\"><a href=\"https:\/\/www.ilgiardinodegliolivi.it\/es\/quienes-somos\/\" class=\"more-link\">Continuar leyendo<span class=\"screen-reader-text\"> &#8220;CHI SIAMO&#8221;<\/span><\/a><\/p>","protected":false},"author":1,"featured_media":0,"parent":0,"menu_order":0,"comment_status":"closed","ping_status":"closed","template":"elementor_header_footer","meta":{"footnotes":""},"class_list":["post-562","page","type-page","status-publish","hentry"],"yoast_head":"<!-- This site is optimized with the Yoast SEO plugin v25.2 - https:\/\/yoast.com\/wordpress\/plugins\/seo\/ -->\n<title>Una rete viva che agisce<\/title>\n<meta name=\"description\" content=\"Custodiamo il Giardino degli Olivi, un luogo di terra, spirito e bellezza condivisa.Qui coltiviamo ulivi e visioni, accogliamo persone, seminari, bambini e maestri.Ci prendiamo cura di questo spazio con amore, silenzio e ascolto.\" \/>\n<meta name=\"robots\" content=\"index, follow, max-snippet:-1, max-image-preview:large, max-video-preview:-1\" \/>\n<link rel=\"canonical\" href=\"https:\/\/www.ilgiardinodegliolivi.it\/es\/quienes-somos\/\" \/>\n<meta property=\"og:locale\" content=\"es_ES\" \/>\n<meta property=\"og:type\" content=\"article\" \/>\n<meta property=\"og:title\" content=\"Una rete viva che agisce\" \/>\n<meta property=\"og:description\" content=\"Custodiamo il Giardino degli Olivi, un luogo di terra, spirito e bellezza condivisa.Qui coltiviamo ulivi e visioni, accogliamo persone, seminari, bambini e maestri.Ci prendiamo cura di questo spazio con amore, silenzio e ascolto.\" \/>\n<meta property=\"og:url\" content=\"https:\/\/www.ilgiardinodegliolivi.it\/es\/quienes-somos\/\" \/>\n<meta property=\"og:site_name\" content=\"Il Giardino degli Olivi\" \/>\n<meta property=\"article:modified_time\" content=\"2025-06-11T17:36:40+00:00\" \/>\n<meta property=\"og:image\" content=\"https:\/\/www.ilgiardinodegliolivi.it\/wp-content\/uploads\/2025\/02\/logo-sito.png\" \/>\n\t<meta property=\"og:image:width\" content=\"1000\" \/>\n\t<meta property=\"og:image:height\" content=\"937\" \/>\n\t<meta property=\"og:image:type\" content=\"image\/png\" \/>\n<meta name=\"twitter:card\" content=\"summary_large_image\" \/>\n<meta name=\"twitter:label1\" content=\"Tiempo de lectura\" \/>\n\t<meta name=\"twitter:data1\" content=\"8 minutos\" \/>\n<script type=\"application\/ld+json\" class=\"yoast-schema-graph\">{\"@context\":\"https:\/\/schema.org\",\"@graph\":[{\"@type\":\"WebPage\",\"@id\":\"https:\/\/www.ilgiardinodegliolivi.it\/chi-siamo\/\",\"url\":\"https:\/\/www.ilgiardinodegliolivi.it\/chi-siamo\/\",\"name\":\"Una rete viva che agisce\",\"isPartOf\":{\"@id\":\"https:\/\/www.ilgiardinodegliolivi.it\/#website\"},\"primaryImageOfPage\":{\"@id\":\"https:\/\/www.ilgiardinodegliolivi.it\/chi-siamo\/#primaryimage\"},\"image\":{\"@id\":\"https:\/\/www.ilgiardinodegliolivi.it\/chi-siamo\/#primaryimage\"},\"thumbnailUrl\":\"https:\/\/www.ilgiardinodegliolivi.it\/wp-content\/uploads\/elementor\/thumbs\/WhatsApp-Image-2025-05-27-at-10.44.44-r6f2nxw67buykow3gyq3yxcu2nxtnys9pnriskxtoo.jpeg\",\"datePublished\":\"2025-05-06T09:14:51+00:00\",\"dateModified\":\"2025-06-11T17:36:40+00:00\",\"description\":\"Custodiamo il Giardino degli Olivi, un luogo di terra, spirito e bellezza condivisa.Qui coltiviamo ulivi e visioni, accogliamo persone, seminari, bambini e maestri.Ci prendiamo cura di questo spazio con amore, silenzio e ascolto.\",\"breadcrumb\":{\"@id\":\"https:\/\/www.ilgiardinodegliolivi.it\/chi-siamo\/#breadcrumb\"},\"inLanguage\":\"es\",\"potentialAction\":[{\"@type\":\"ReadAction\",\"target\":[\"https:\/\/www.ilgiardinodegliolivi.it\/chi-siamo\/\"]}]},{\"@type\":\"ImageObject\",\"inLanguage\":\"es\",\"@id\":\"https:\/\/www.ilgiardinodegliolivi.it\/chi-siamo\/#primaryimage\",\"url\":\"https:\/\/www.ilgiardinodegliolivi.it\/wp-content\/uploads\/elementor\/thumbs\/WhatsApp-Image-2025-05-27-at-10.44.44-r6f2nxw67buykow3gyq3yxcu2nxtnys9pnriskxtoo.jpeg\",\"contentUrl\":\"https:\/\/www.ilgiardinodegliolivi.it\/wp-content\/uploads\/elementor\/thumbs\/WhatsApp-Image-2025-05-27-at-10.44.44-r6f2nxw67buykow3gyq3yxcu2nxtnys9pnriskxtoo.jpeg\"},{\"@type\":\"BreadcrumbList\",\"@id\":\"https:\/\/www.ilgiardinodegliolivi.it\/chi-siamo\/#breadcrumb\",\"itemListElement\":[{\"@type\":\"ListItem\",\"position\":1,\"name\":\"Home\",\"item\":\"https:\/\/www.ilgiardinodegliolivi.it\/\"},{\"@type\":\"ListItem\",\"position\":2,\"name\":\"CHI SIAMO\"}]},{\"@type\":\"WebSite\",\"@id\":\"https:\/\/www.ilgiardinodegliolivi.it\/#website\",\"url\":\"https:\/\/www.ilgiardinodegliolivi.it\/\",\"name\":\"Il Giardino degli Olivi\",\"description\":\"Coscienza, Amore e Responsabilit&agrave;\",\"publisher\":{\"@id\":\"https:\/\/www.ilgiardinodegliolivi.it\/#organization\"},\"potentialAction\":[{\"@type\":\"SearchAction\",\"target\":{\"@type\":\"EntryPoint\",\"urlTemplate\":\"https:\/\/www.ilgiardinodegliolivi.it\/?s={search_term_string}\"},\"query-input\":{\"@type\":\"PropertyValueSpecification\",\"valueRequired\":true,\"valueName\":\"search_term_string\"}}],\"inLanguage\":\"es\"},{\"@type\":\"Organization\",\"@id\":\"https:\/\/www.ilgiardinodegliolivi.it\/#organization\",\"name\":\"Il Giardino degli Olivi\",\"url\":\"https:\/\/www.ilgiardinodegliolivi.it\/\",\"logo\":{\"@type\":\"ImageObject\",\"inLanguage\":\"es\",\"@id\":\"https:\/\/www.ilgiardinodegliolivi.it\/#\/schema\/logo\/image\/\",\"url\":\"https:\/\/www.ilgiardinodegliolivi.it\/wp-content\/uploads\/2025\/02\/logo-sito.png\",\"contentUrl\":\"https:\/\/www.ilgiardinodegliolivi.it\/wp-content\/uploads\/2025\/02\/logo-sito.png\",\"width\":1000,\"height\":937,\"caption\":\"Il Giardino degli Olivi\"},\"image\":{\"@id\":\"https:\/\/www.ilgiardinodegliolivi.it\/#\/schema\/logo\/image\/\"},\"sameAs\":[\"https:\/\/www.instagram.com\/giardinodegliolivi\/\"]}]}<\/script>\n<!-- \/ Yoast SEO plugin. -->","yoast_head_json":{"title":"Una rete viva che agisce","description":"Custodiamo il Giardino degli Olivi, un luogo di terra, spirito e bellezza condivisa.Qui coltiviamo ulivi e visioni, accogliamo persone, seminari, bambini e maestri.Ci prendiamo cura di questo spazio con amore, silenzio e ascolto.","robots":{"index":"index","follow":"follow","max-snippet":"max-snippet:-1","max-image-preview":"max-image-preview:large","max-video-preview":"max-video-preview:-1"},"canonical":"https:\/\/www.ilgiardinodegliolivi.it\/es\/quienes-somos\/","og_locale":"es_ES","og_type":"article","og_title":"Una rete viva che agisce","og_description":"Custodiamo il Giardino degli Olivi, un luogo di terra, spirito e bellezza condivisa.Qui coltiviamo ulivi e visioni, accogliamo persone, seminari, bambini e maestri.Ci prendiamo cura di questo spazio con amore, silenzio e ascolto.","og_url":"https:\/\/www.ilgiardinodegliolivi.it\/es\/quienes-somos\/","og_site_name":"Il Giardino degli Olivi","article_modified_time":"2025-06-11T17:36:40+00:00","og_image":[{"width":1000,"height":937,"url":"https:\/\/www.ilgiardinodegliolivi.it\/wp-content\/uploads\/2025\/02\/logo-sito.png","type":"image\/png"}],"twitter_card":"summary_large_image","twitter_misc":{"Tiempo de lectura":"8 minutos"},"schema":{"@context":"https:\/\/schema.org","@graph":[{"@type":"WebPage","@id":"https:\/\/www.ilgiardinodegliolivi.it\/chi-siamo\/","url":"https:\/\/www.ilgiardinodegliolivi.it\/chi-siamo\/","name":"Una rete viva che agisce","isPartOf":{"@id":"https:\/\/www.ilgiardinodegliolivi.it\/#website"},"primaryImageOfPage":{"@id":"https:\/\/www.ilgiardinodegliolivi.it\/chi-siamo\/#primaryimage"},"image":{"@id":"https:\/\/www.ilgiardinodegliolivi.it\/chi-siamo\/#primaryimage"},"thumbnailUrl":"https:\/\/www.ilgiardinodegliolivi.it\/wp-content\/uploads\/elementor\/thumbs\/WhatsApp-Image-2025-05-27-at-10.44.44-r6f2nxw67buykow3gyq3yxcu2nxtnys9pnriskxtoo.jpeg","datePublished":"2025-05-06T09:14:51+00:00","dateModified":"2025-06-11T17:36:40+00:00","description":"Custodiamo il Giardino degli Olivi, un luogo di terra, spirito e bellezza condivisa.Qui coltiviamo ulivi e visioni, accogliamo persone, seminari, bambini e maestri.Ci prendiamo cura di questo spazio con amore, silenzio e ascolto.","breadcrumb":{"@id":"https:\/\/www.ilgiardinodegliolivi.it\/chi-siamo\/#breadcrumb"},"inLanguage":"es","potentialAction":[{"@type":"ReadAction","target":["https:\/\/www.ilgiardinodegliolivi.it\/chi-siamo\/"]}]},{"@type":"ImageObject","inLanguage":"es","@id":"https:\/\/www.ilgiardinodegliolivi.it\/chi-siamo\/#primaryimage","url":"https:\/\/www.ilgiardinodegliolivi.it\/wp-content\/uploads\/elementor\/thumbs\/WhatsApp-Image-2025-05-27-at-10.44.44-r6f2nxw67buykow3gyq3yxcu2nxtnys9pnriskxtoo.jpeg","contentUrl":"https:\/\/www.ilgiardinodegliolivi.it\/wp-content\/uploads\/elementor\/thumbs\/WhatsApp-Image-2025-05-27-at-10.44.44-r6f2nxw67buykow3gyq3yxcu2nxtnys9pnriskxtoo.jpeg"},{"@type":"BreadcrumbList","@id":"https:\/\/www.ilgiardinodegliolivi.it\/chi-siamo\/#breadcrumb","itemListElement":[{"@type":"ListItem","position":1,"name":"Home","item":"https:\/\/www.ilgiardinodegliolivi.it\/"},{"@type":"ListItem","position":2,"name":"CHI SIAMO"}]},{"@type":"WebSite","@id":"https:\/\/www.ilgiardinodegliolivi.it\/#website","url":"https:\/\/www.ilgiardinodegliolivi.it\/","name":"Il Giardino degli Olivi","description":"Coscienza, Amore e Responsabilit&agrave;","publisher":{"@id":"https:\/\/www.ilgiardinodegliolivi.it\/#organization"},"potentialAction":[{"@type":"SearchAction","target":{"@type":"EntryPoint","urlTemplate":"https:\/\/www.ilgiardinodegliolivi.it\/?s={search_term_string}"},"query-input":{"@type":"PropertyValueSpecification","valueRequired":true,"valueName":"search_term_string"}}],"inLanguage":"es"},{"@type":"Organization","@id":"https:\/\/www.ilgiardinodegliolivi.it\/#organization","name":"Il Giardino degli Olivi","url":"https:\/\/www.ilgiardinodegliolivi.it\/","logo":{"@type":"ImageObject","inLanguage":"es","@id":"https:\/\/www.ilgiardinodegliolivi.it\/#\/schema\/logo\/image\/","url":"https:\/\/www.ilgiardinodegliolivi.it\/wp-content\/uploads\/2025\/02\/logo-sito.png","contentUrl":"https:\/\/www.ilgiardinodegliolivi.it\/wp-content\/uploads\/2025\/02\/logo-sito.png","width":1000,"height":937,"caption":"Il Giardino degli Olivi"},"image":{"@id":"https:\/\/www.ilgiardinodegliolivi.it\/#\/schema\/logo\/image\/"},"sameAs":["https:\/\/www.instagram.com\/giardinodegliolivi\/"]}]}},"_links":{"self":[{"href":"https:\/\/www.ilgiardinodegliolivi.it\/es\/wp-json\/wp\/v2\/pages\/562","targetHints":{"allow":["GET"]}}],"collection":[{"href":"https:\/\/www.ilgiardinodegliolivi.it\/es\/wp-json\/wp\/v2\/pages"}],"about":[{"href":"https:\/\/www.ilgiardinodegliolivi.it\/es\/wp-json\/wp\/v2\/types\/page"}],"author":[{"embeddable":true,"href":"https:\/\/www.ilgiardinodegliolivi.it\/es\/wp-json\/wp\/v2\/users\/1"}],"replies":[{"embeddable":true,"href":"https:\/\/www.ilgiardinodegliolivi.it\/es\/wp-json\/wp\/v2\/comments?post=562"}],"version-history":[{"count":133,"href":"https:\/\/www.ilgiardinodegliolivi.it\/es\/wp-json\/wp\/v2\/pages\/562\/revisions"}],"predecessor-version":[{"id":1430,"href":"https:\/\/www.ilgiardinodegliolivi.it\/es\/wp-json\/wp\/v2\/pages\/562\/revisions\/1430"}],"wp:attachment":[{"href":"https:\/\/www.ilgiardinodegliolivi.it\/es\/wp-json\/wp\/v2\/media?parent=562"}],"curies":[{"name":"wp","href":"https:\/\/api.w.org\/{rel}","templated":true}]}}